{"id":9,"date":"2020-06-04T05:59:20","date_gmt":"2020-06-04T05:59:20","guid":{"rendered":"https:\/\/airedefamille.nc\/?page_id=9"},"modified":"2023-06-26T11:40:17","modified_gmt":"2023-06-26T11:40:17","slug":"aire-de-famille-bourail-nouvelle-caledonie","status":"publish","type":"page","link":"https:\/\/www.airedefamille.nc\/","title":{"rendered":"Aire de Famille &#8211; Bourail &#8211; Nouvelle-Cal\u00e9donie"},"content":{"rendered":"<div class=\"slider-wrapper relative\" id=\"slider-269441939\" >\n    <div class=\"slider slider-nav-circle slider-nav-large slider-nav-light slider-style-normal slider-show-nav\"\n        data-flickity-options='{\n            \"cellAlign\": \"center\",\n            \"imagesLoaded\": true,\n            \"lazyLoad\": 1,\n            \"freeScroll\": false,\n            \"wrapAround\": false,\n            \"autoPlay\": 3500,\n            \"pauseAutoPlayOnHover\" : true,\n            \"prevNextButtons\": true,\n            \"contain\" : true,\n            \"adaptiveHeight\" : true,\n            \"dragThreshold\" : 10,\n            \"percentPosition\": true,\n            \"pageDots\": false,\n            \"rightToLeft\": false,\n            \"draggable\": true,\n            \"selectedAttraction\": 0.1,\n            \"parallax\" : 0,\n            \"friction\": 0.6        }'\n        >\n        \n\n  <div class=\"banner has-hover is-full-height\" id=\"banner-1169966596\">\n          <div class=\"banner-inner fill\">\n        <div class=\"banner-bg fill\" >\n            <img loading=\"lazy\" decoding=\"async\" width=\"2200\" height=\"1390\" src=\"https:\/\/www.airedefamille.nc\/wp-content\/uploads\/2022\/10\/a2f.jpg\" class=\"bg attachment-original size-original\" alt=\"\" \/>                        <div class=\"overlay\"><\/div>            \n                    <\/div>\n\t\t\n        <div class=\"banner-layers container\">\n            <div class=\"fill banner-link\"><\/div>            \n   <div id=\"text-box-380462640\" class=\"text-box banner-layer x50 md-x50 lg-x50 y50 md-y50 lg-y50 res-text\">\n              <div data-parallax=\"-1\" data-parallax-fade=\"true\">       <div data-animate=\"bounceIn\">           <div class=\"text-box-content text dark\">\n              \n              <div class=\"text-inner text-center\">\n                  \n\t<div class=\"img has-hover x md-x lg-x y md-y lg-y\" id=\"image_1989297469\">\n\t\t\t\t\t\t\t\t<div class=\"img-inner dark\" >\n\t\t\t<img loading=\"lazy\" decoding=\"async\" width=\"1020\" height=\"721\" src=\"https:\/\/www.airedefamille.nc\/wp-content\/uploads\/2020\/06\/Logo-laire-de-famille-WHITE-DOME-1600-1024x724.png\" class=\"attachment-large size-large\" alt=\"\" srcset=\"https:\/\/www.airedefamille.nc\/wp-content\/uploads\/2020\/06\/Logo-laire-de-famille-WHITE-DOME-1600-1024x724.png 1024w, https:\/\/www.airedefamille.nc\/wp-content\/uploads\/2020\/06\/Logo-laire-de-famille-WHITE-DOME-1600-300x212.png 300w, https:\/\/www.airedefamille.nc\/wp-content\/uploads\/2020\/06\/Logo-laire-de-famille-WHITE-DOME-1600-768x543.png 768w, https:\/\/www.airedefamille.nc\/wp-content\/uploads\/2020\/06\/Logo-laire-de-famille-WHITE-DOME-1600-1536x1086.png 1536w, https:\/\/www.airedefamille.nc\/wp-content\/uploads\/2020\/06\/Logo-laire-de-famille-WHITE-DOME-1600.png 1600w\" sizes=\"auto, (max-width: 1020px) 100vw, 1020px\" \/>\t\t\t\t\t\t\n\t\t\t\t\t<\/div>\n\t\t\t\t\t\t\t\t\n<style>\n#image_1989297469 {\n  width: 100%;\n}\n<\/style>\n\t<\/div>\n\t\n              <\/div>\n           <\/div>\n       <\/div>       <\/div>              \n<style>\n#text-box-380462640 {\n  width: 80%;\n}\n#text-box-380462640 .text-box-content {\n  font-size: 100%;\n}\n@media (min-width:550px) {\n  #text-box-380462640 {\n    width: 70%;\n  }\n}\n<\/style>\n    <\/div>\n \n        <\/div>\n      <\/div>\n\n            \n<style>\n#banner-1169966596 {\n  padding-top: 100%;\n}\n#banner-1169966596 .overlay {\n  background-color: rgba(11, 48, 6, 0.3);\n}\n#banner-1169966596 .banner-bg img {\n  object-position: 45% 51%;\n}\n<\/style>\n  <\/div>\n\n\n\n  <div class=\"banner has-hover is-full-height\" id=\"banner-1203057689\">\n          <div class=\"banner-inner fill\">\n        <div class=\"banner-bg fill\" >\n            <img loading=\"lazy\" decoding=\"async\" width=\"2200\" height=\"1390\" src=\"https:\/\/www.airedefamille.nc\/wp-content\/uploads\/2020\/06\/slider-cabadienne-2200.jpg\" class=\"bg attachment-original size-original\" alt=\"\" \/>                        <div class=\"overlay\"><\/div>            \n                    <\/div>\n\t\t\n        <div class=\"banner-layers container\">\n            <div class=\"fill banner-link\"><\/div>            \n   <div id=\"text-box-1608041351\" class=\"text-box banner-layer x50 md-x50 lg-x50 y50 md-y50 lg-y50 res-text\">\n              <div data-parallax=\"-1\" data-parallax-fade=\"true\">       <div data-animate=\"bounceIn\">           <div class=\"text-box-content text dark\">\n              \n              <div class=\"text-inner text-center\">\n                  \n\t<div class=\"img has-hover x md-x lg-x y md-y lg-y\" id=\"image_1830524745\">\n\t\t\t\t\t\t\t\t<div class=\"img-inner dark\" >\n\t\t\t<img loading=\"lazy\" decoding=\"async\" width=\"1020\" height=\"721\" src=\"https:\/\/www.airedefamille.nc\/wp-content\/uploads\/2020\/06\/Logo-laire-de-famille-WHITE-CABADIENNE-1600-1024x724.png\" class=\"attachment-large size-large\" alt=\"\" srcset=\"https:\/\/www.airedefamille.nc\/wp-content\/uploads\/2020\/06\/Logo-laire-de-famille-WHITE-CABADIENNE-1600-1024x724.png 1024w, https:\/\/www.airedefamille.nc\/wp-content\/uploads\/2020\/06\/Logo-laire-de-famille-WHITE-CABADIENNE-1600-300x212.png 300w, https:\/\/www.airedefamille.nc\/wp-content\/uploads\/2020\/06\/Logo-laire-de-famille-WHITE-CABADIENNE-1600-768x543.png 768w, https:\/\/www.airedefamille.nc\/wp-content\/uploads\/2020\/06\/Logo-laire-de-famille-WHITE-CABADIENNE-1600-1536x1086.png 1536w, https:\/\/www.airedefamille.nc\/wp-content\/uploads\/2020\/06\/Logo-laire-de-famille-WHITE-CABADIENNE-1600.png 1600w\" sizes=\"auto, (max-width: 1020px) 100vw, 1020px\" \/>\t\t\t\t\t\t\n\t\t\t\t\t<\/div>\n\t\t\t\t\t\t\t\t\n<style>\n#image_1830524745 {\n  width: 100%;\n}\n<\/style>\n\t<\/div>\n\t\n              <\/div>\n           <\/div>\n       <\/div>       <\/div>              \n<style>\n#text-box-1608041351 {\n  width: 80%;\n}\n#text-box-1608041351 .text-box-content {\n  font-size: 100%;\n}\n@media (min-width:550px) {\n  #text-box-1608041351 {\n    width: 70%;\n  }\n}\n<\/style>\n    <\/div>\n \n        <\/div>\n      <\/div>\n\n            \n<style>\n#banner-1203057689 {\n  padding-top: 100%;\n}\n#banner-1203057689 .overlay {\n  background-color: rgba(11, 48, 6, 0.3);\n}\n#banner-1203057689 .banner-bg img {\n  object-position: 45% 51%;\n}\n<\/style>\n  <\/div>\n\n\n\n  <div class=\"banner has-hover is-full-height\" id=\"banner-37507128\">\n          <div class=\"banner-inner fill\">\n        <div class=\"banner-bg fill\" >\n            <img loading=\"lazy\" decoding=\"async\" width=\"2400\" height=\"1200\" src=\"https:\/\/www.airedefamille.nc\/wp-content\/uploads\/2020\/06\/aire-de-famille-bourail-gite.jpg\" class=\"bg attachment-original size-original\" alt=\"\" \/>                        <div class=\"overlay\"><\/div>            \n                    <\/div>\n\t\t\n        <div class=\"banner-layers container\">\n            <div class=\"fill banner-link\"><\/div>            \n   <div id=\"text-box-1886395026\" class=\"text-box banner-layer x50 md-x50 lg-x50 y50 md-y50 lg-y50 res-text\">\n              <div data-parallax=\"-1\" data-parallax-fade=\"true\">       <div data-animate=\"bounceIn\">           <div class=\"text-box-content text dark\">\n              \n              <div class=\"text-inner text-center\">\n                  \n\t<div class=\"img has-hover x md-x lg-x y md-y lg-y\" id=\"image_1244242651\">\n\t\t\t\t\t\t\t\t<div class=\"img-inner dark\" >\n\t\t\t<img loading=\"lazy\" decoding=\"async\" width=\"1020\" height=\"721\" src=\"https:\/\/www.airedefamille.nc\/wp-content\/uploads\/2020\/06\/Logo-laire-de-famille-WHITE-ROULOTTE-1600-1024x724.png\" class=\"attachment-large size-large\" alt=\"\" srcset=\"https:\/\/www.airedefamille.nc\/wp-content\/uploads\/2020\/06\/Logo-laire-de-famille-WHITE-ROULOTTE-1600-1024x724.png 1024w, https:\/\/www.airedefamille.nc\/wp-content\/uploads\/2020\/06\/Logo-laire-de-famille-WHITE-ROULOTTE-1600-300x212.png 300w, https:\/\/www.airedefamille.nc\/wp-content\/uploads\/2020\/06\/Logo-laire-de-famille-WHITE-ROULOTTE-1600-768x543.png 768w, https:\/\/www.airedefamille.nc\/wp-content\/uploads\/2020\/06\/Logo-laire-de-famille-WHITE-ROULOTTE-1600-1536x1086.png 1536w, https:\/\/www.airedefamille.nc\/wp-content\/uploads\/2020\/06\/Logo-laire-de-famille-WHITE-ROULOTTE-1600.png 1600w\" sizes=\"auto, (max-width: 1020px) 100vw, 1020px\" \/>\t\t\t\t\t\t\n\t\t\t\t\t<\/div>\n\t\t\t\t\t\t\t\t\n<style>\n#image_1244242651 {\n  width: 100%;\n}\n<\/style>\n\t<\/div>\n\t\n              <\/div>\n           <\/div>\n       <\/div>       <\/div>              \n<style>\n#text-box-1886395026 {\n  width: 80%;\n}\n#text-box-1886395026 .text-box-content {\n  font-size: 100%;\n}\n@media (min-width:550px) {\n  #text-box-1886395026 {\n    width: 70%;\n  }\n}\n<\/style>\n    <\/div>\n \n        <\/div>\n      <\/div>\n\n            \n<style>\n#banner-37507128 {\n  padding-top: 100%;\n}\n#banner-37507128 .overlay {\n  background-color: rgba(11, 48, 6, 0.3);\n}\n#banner-37507128 .banner-bg img {\n  object-position: 41% 60%;\n}\n<\/style>\n  <\/div>\n\n\n     <\/div>\n\n     <div class=\"loading-spin dark large centered\"><\/div>\n\n\t<\/div>\n\n\n\n\t<section class=\"section section-separator\" id=\"section_1369319863\">\n\t\t<div class=\"section-bg fill\" >\n\t\t\t\t\t\t\t\t\t\n\t\t\t\n\n\t\t<\/div>\n\n\t\t\n\n\t\t<div class=\"section-content relative\">\n\t\t\t\n\t<div id=\"gap-798061244\" class=\"gap-element clearfix\" style=\"display:block; height:auto;\">\n\t\t\n<style>\n#gap-798061244 {\n  padding-top: 62px;\n}\n<\/style>\n\t<\/div>\n\t\n\t\t<\/div>\n\n\t\t\n<style>\n#section_1369319863 {\n  padding-top: 0px;\n  padding-bottom: 0px;\n  background-color: rgb(255, 255, 255);\n}\n<\/style>\n\t<\/section>\n\t\n\n\t<section class=\"section\" id=\"section_1699612053\">\n\t\t<div class=\"section-bg fill\" >\n\t\t\t\t\t\t\t\t\t\n\t\t\t\n\n\t\t<\/div>\n\n\t\t\n\n\t\t<div class=\"section-content relative\">\n\t\t\t\n<div class=\"row\"  id=\"row-1808400388\">\n\n\t<div id=\"col-1668763372\" class=\"col small-12 large-12\"  data-animate=\"fadeInUp\">\n\t\t\t\t<div class=\"col-inner text-center\"  >\n\t\t\t\n\t\t\t\n<h2 class=\"\"><span style=\"font-size: 250%;\">Notre histoire<\/span><\/h2>\n\t\t<\/div>\n\t\t\t\t\t<\/div>\n\n\t\n<\/div>\n<div class=\"row\"  id=\"row-1806540940\">\n\n\t<div id=\"col-473201188\" class=\"col small-12 large-12\"  data-animate=\"blurIn\">\n\t\t\t\t<div class=\"col-inner\"  >\n\t\t\t\n\t\t\t\n\t<div class=\"img has-hover x md-x lg-x y md-y lg-y\" id=\"image_360820389\">\n\t\t\t\t\t\t\t\t<div class=\"img-inner dark\" >\n\t\t\t<img loading=\"lazy\" decoding=\"async\" width=\"1020\" height=\"341\" src=\"https:\/\/www.airedefamille.nc\/wp-content\/uploads\/2020\/06\/DOM1937-1024x342.jpg\" class=\"attachment-large size-large\" alt=\"\" srcset=\"https:\/\/www.airedefamille.nc\/wp-content\/uploads\/2020\/06\/DOM1937-1024x342.jpg 1024w, https:\/\/www.airedefamille.nc\/wp-content\/uploads\/2020\/06\/DOM1937-300x100.jpg 300w, https:\/\/www.airedefamille.nc\/wp-content\/uploads\/2020\/06\/DOM1937-768x257.jpg 768w, https:\/\/www.airedefamille.nc\/wp-content\/uploads\/2020\/06\/DOM1937.jpg 1500w\" sizes=\"auto, (max-width: 1020px) 100vw, 1020px\" \/>\t\t\t\t\t\t\n\t\t\t\t\t<\/div>\n\t\t\t\t\t\t\t\t\n<style>\n#image_360820389 {\n  width: 100%;\n}\n<\/style>\n\t<\/div>\n\t\n\t\t<\/div>\n\t\t\t\t\t<\/div>\n\n\t\n<\/div>\n<div class=\"row\"  id=\"row-1558980237\">\n\n\t<div id=\"col-95581586\" class=\"col medium-8 small-12 large-8\"  data-animate=\"fadeInLeft\">\n\t\t\t\t<div class=\"col-inner\"  >\n\t\t\t\n\t\t\t\n<p>Ce g\u00eete situ\u00e9 \u00e0 Gouaro sur la commune de Bourail est le fruit d\u2019un projet commun entre deux familles d\u2019amis qui ont partag\u00e9 un jour le m\u00eame r\u00eave, celui de construire ensemble un espace de vie et de travail autour d\u2019activit\u00e9s agricoles, d\u2019h\u00e9bergements touristiques et de services de bien \u00eatre.<\/p>\n<p>Ce pari a d\u00e9but\u00e9 en 2016 sur un terrain que la nature choyait depuis plus de 10 ans. A force de patience, travail, cr\u00e9ativit\u00e9, dialogues et pers\u00e9v\u00e9rance<\/p>\n<p>Nous sommes heureux de vous accueillir \u00e0 <strong>L\u2019AIRE de FAMILLE<\/strong>, lieu qui invite nos futurs visiteurs \u00e0 la d\u00e9tente, le partage dans un cadre en pleine nature.<\/p>\n\t<div class=\"img has-hover x md-x lg-x y md-y lg-y\" id=\"image_1027082072\">\n\t\t\t\t\t\t<div data-animate=\"blurIn\">\t\t<div class=\"img-inner dark\" style=\"margin:0px 0px 30px 0px;\">\n\t\t\t<img loading=\"lazy\" decoding=\"async\" width=\"1020\" height=\"241\" src=\"https:\/\/www.airedefamille.nc\/wp-content\/uploads\/2020\/06\/photo-famille-1024x242.jpg\" class=\"attachment-large size-large\" alt=\"\" srcset=\"https:\/\/www.airedefamille.nc\/wp-content\/uploads\/2020\/06\/photo-famille-1024x242.jpg 1024w, https:\/\/www.airedefamille.nc\/wp-content\/uploads\/2020\/06\/photo-famille-300x71.jpg 300w, https:\/\/www.airedefamille.nc\/wp-content\/uploads\/2020\/06\/photo-famille-768x181.jpg 768w, https:\/\/www.airedefamille.nc\/wp-content\/uploads\/2020\/06\/photo-famille-1536x363.jpg 1536w, https:\/\/www.airedefamille.nc\/wp-content\/uploads\/2020\/06\/photo-famille-2048x484.jpg 2048w\" sizes=\"auto, (max-width: 1020px) 100vw, 1020px\" \/>\t\t\t\t\t\t\n\t\t\t\t\t<\/div>\n\t\t<\/div>\t\t\t\t\t\t\n<style>\n#image_1027082072 {\n  width: 100%;\n}\n<\/style>\n\t<\/div>\n\t\n<p>Vous pourrez profitez de toutes les belles activit\u00e9s sportives et ludiques que promettent la plage de Po\u00e9, la Roche per\u00e7\u00e9e et le Domaine de D\u00e9va ; randonn\u00e9e palm\u00e9e, bateau \u00e0 fond de verre, \u00e9quitation, plong\u00e9e, paramoteur, paddle, V\u00e9lo, kyte, excursions&#8230;<\/p>\n<p>Un coin qui nous a s\u00e9duit, qui nous a adopt\u00e9 et que nous serions ravis de vous faire d\u00e9couvrir gr\u00e2ce aux prestataires touristiques de qualit\u00e9 de la r\u00e9gion !<\/p>\n<p>L\u2019aire de famille propose 6 h\u00e9bergements en bungalows atypiques avec coin cuisine et sanitaire en commun dans des far\u00e9s, n\u2019h\u00e9sitez pas \u00e0 nous contacter pour en savoir plus!<\/p>\n\t\t<\/div>\n\t\t\t\t\t<\/div>\n\n\t\n\n\t<div id=\"col-495454389\" class=\"col medium-4 small-12 large-4\"  data-animate=\"fadeInRight\">\n\t\t\t\t<div class=\"col-inner\"  >\n\t\t\t\n\t\t\t\n\n\t\t<div class=\"icon-box featured-box icon-box-left text-left\"  style=\"margin:0px 0px 10px 0px;\">\n\t\t\t\t\t<div class=\"icon-box-img\" style=\"width: 60px\">\n\t\t\t\t<div class=\"icon\">\n\t\t\t\t\t<div class=\"icon-inner\" >\n\t\t\t\t\t\t<img loading=\"lazy\" decoding=\"async\" width=\"300\" height=\"300\" src=\"https:\/\/www.airedefamille.nc\/wp-content\/uploads\/2020\/06\/icon-dome-500-300x300.png\" class=\"attachment-medium size-medium\" alt=\"\" srcset=\"https:\/\/www.airedefamille.nc\/wp-content\/uploads\/2020\/06\/icon-dome-500-300x300.png 300w, https:\/\/www.airedefamille.nc\/wp-content\/uploads\/2020\/06\/icon-dome-500-150x150.png 150w, https:\/\/www.airedefamille.nc\/wp-content\/uploads\/2020\/06\/icon-dome-500.png 500w\" sizes=\"auto, (max-width: 300px) 100vw, 300px\" \/>\t\t\t\t\t<\/div>\n\t\t\t\t<\/div>\n\t\t\t<\/div>\n\t\t\t\t<div class=\"icon-box-text last-reset\">\n\t\t\t\t\t\t\t\t\t\n<h3 style=\"font-size: 220%;\">D\u00f4me<\/h3>\n\t<div class=\"img has-hover x md-x lg-x y md-y lg-y\" id=\"image_2061441758\">\n\t\t\t\t\t\t\t\t<div class=\"img-inner dark\" >\n\t\t\t<img loading=\"lazy\" decoding=\"async\" width=\"1020\" height=\"616\" src=\"https:\/\/www.airedefamille.nc\/wp-content\/uploads\/2022\/10\/Sans-titre-4.png\" class=\"attachment-large size-large\" alt=\"\" srcset=\"https:\/\/www.airedefamille.nc\/wp-content\/uploads\/2022\/10\/Sans-titre-4.png 1024w, https:\/\/www.airedefamille.nc\/wp-content\/uploads\/2022\/10\/Sans-titre-4-300x181.png 300w, https:\/\/www.airedefamille.nc\/wp-content\/uploads\/2022\/10\/Sans-titre-4-768x464.png 768w\" sizes=\"auto, (max-width: 1020px) 100vw, 1020px\" \/>\t\t\t\t\t\t\n\t\t\t\t\t<\/div>\n\t\t\t\t\t\t\t\t\n<style>\n#image_2061441758 {\n  width: 100%;\n}\n<\/style>\n\t<\/div>\n\t\n\t\t<\/div>\n\t<\/div>\n\t\n\t\n\n\t\t<div class=\"icon-box featured-box icon-box-left text-left\"  style=\"margin:0px 0px 10px 0px;\">\n\t\t\t\t\t<div class=\"icon-box-img\" style=\"width: 60px\">\n\t\t\t\t<div class=\"icon\">\n\t\t\t\t\t<div class=\"icon-inner\" >\n\t\t\t\t\t\t<img loading=\"lazy\" decoding=\"async\" width=\"300\" height=\"300\" src=\"https:\/\/www.airedefamille.nc\/wp-content\/uploads\/2020\/06\/icon-cabadienne-500-300x300.png\" class=\"attachment-medium size-medium\" alt=\"\" srcset=\"https:\/\/www.airedefamille.nc\/wp-content\/uploads\/2020\/06\/icon-cabadienne-500-300x300.png 300w, https:\/\/www.airedefamille.nc\/wp-content\/uploads\/2020\/06\/icon-cabadienne-500-150x150.png 150w, https:\/\/www.airedefamille.nc\/wp-content\/uploads\/2020\/06\/icon-cabadienne-500.png 500w\" sizes=\"auto, (max-width: 300px) 100vw, 300px\" \/>\t\t\t\t\t<\/div>\n\t\t\t\t<\/div>\n\t\t\t<\/div>\n\t\t\t\t<div class=\"icon-box-text last-reset\">\n\t\t\t\t\t\t\t\t\t\n<h3 style=\"font-size: 220%;\">Cabadienne<\/h3>\n\t<div class=\"img has-hover x md-x lg-x y md-y lg-y\" id=\"image_897100431\">\n\t\t\t\t\t\t\t\t<div class=\"img-inner dark\" >\n\t\t\t<img loading=\"lazy\" decoding=\"async\" width=\"1020\" height=\"660\" src=\"https:\/\/www.airedefamille.nc\/wp-content\/uploads\/2020\/06\/cabadienne-scandi-ext-1024x663.jpg\" class=\"attachment-large size-large\" alt=\"\" srcset=\"https:\/\/www.airedefamille.nc\/wp-content\/uploads\/2020\/06\/cabadienne-scandi-ext-1024x663.jpg 1024w, https:\/\/www.airedefamille.nc\/wp-content\/uploads\/2020\/06\/cabadienne-scandi-ext-300x194.jpg 300w, https:\/\/www.airedefamille.nc\/wp-content\/uploads\/2020\/06\/cabadienne-scandi-ext-768x497.jpg 768w, https:\/\/www.airedefamille.nc\/wp-content\/uploads\/2020\/06\/cabadienne-scandi-ext.jpg 1280w\" sizes=\"auto, (max-width: 1020px) 100vw, 1020px\" \/>\t\t\t\t\t\t\n\t\t\t\t\t<\/div>\n\t\t\t\t\t\t\t\t\n<style>\n#image_897100431 {\n  width: 100%;\n}\n<\/style>\n\t<\/div>\n\t\n\t\t<\/div>\n\t<\/div>\n\t\n\t\n\n\t\t<div class=\"icon-box featured-box icon-box-left text-left\"  style=\"margin:0px 0px 10px 0px;\">\n\t\t\t\t\t<div class=\"icon-box-img\" style=\"width: 60px\">\n\t\t\t\t<div class=\"icon\">\n\t\t\t\t\t<div class=\"icon-inner\" >\n\t\t\t\t\t\t<img loading=\"lazy\" decoding=\"async\" width=\"300\" height=\"300\" src=\"https:\/\/www.airedefamille.nc\/wp-content\/uploads\/2020\/06\/icon-roulotte-500-300x300.png\" class=\"attachment-medium size-medium\" alt=\"\" srcset=\"https:\/\/www.airedefamille.nc\/wp-content\/uploads\/2020\/06\/icon-roulotte-500-300x300.png 300w, https:\/\/www.airedefamille.nc\/wp-content\/uploads\/2020\/06\/icon-roulotte-500-150x150.png 150w, https:\/\/www.airedefamille.nc\/wp-content\/uploads\/2020\/06\/icon-roulotte-500.png 500w\" sizes=\"auto, (max-width: 300px) 100vw, 300px\" \/>\t\t\t\t\t<\/div>\n\t\t\t\t<\/div>\n\t\t\t<\/div>\n\t\t\t\t<div class=\"icon-box-text last-reset\">\n\t\t\t\t\t\t\t\t\t\n<h3 style=\"font-size: 220%;\">Roulotte<\/h3>\n\t<div class=\"img has-hover x md-x lg-x y md-y lg-y\" id=\"image_215677165\">\n\t\t\t\t\t\t\t\t<div class=\"img-inner dark\" >\n\t\t\t<img loading=\"lazy\" decoding=\"async\" width=\"1020\" height=\"567\" src=\"https:\/\/www.airedefamille.nc\/wp-content\/uploads\/2020\/06\/roulotte-django-ext-1024x569.jpg\" class=\"attachment-large size-large\" alt=\"\" srcset=\"https:\/\/www.airedefamille.nc\/wp-content\/uploads\/2020\/06\/roulotte-django-ext-1024x569.jpg 1024w, https:\/\/www.airedefamille.nc\/wp-content\/uploads\/2020\/06\/roulotte-django-ext-300x167.jpg 300w, https:\/\/www.airedefamille.nc\/wp-content\/uploads\/2020\/06\/roulotte-django-ext-768x427.jpg 768w, https:\/\/www.airedefamille.nc\/wp-content\/uploads\/2020\/06\/roulotte-django-ext.jpg 1280w\" sizes=\"auto, (max-width: 1020px) 100vw, 1020px\" \/>\t\t\t\t\t\t\n\t\t\t\t\t<\/div>\n\t\t\t\t\t\t\t\t\n<style>\n#image_215677165 {\n  width: 100%;\n}\n<\/style>\n\t<\/div>\n\t\n\t\t<\/div>\n\t<\/div>\n\t\n\t\n\t\t<\/div>\n\t\t\t\t\t<\/div>\n\n\t\n\n<style>\n#row-1558980237 > .col > .col-inner {\n  padding: 30px 0px 0px 0px;\n}\n<\/style>\n<\/div>\n\t\t<\/div>\n\n\t\t\n<style>\n#section_1699612053 {\n  padding-top: 60px;\n  padding-bottom: 60px;\n}\n<\/style>\n\t<\/section>\n\t\n\n\t<section class=\"section dark has-mask mask-arrow\" id=\"section_415573942\">\n\t\t<div class=\"section-bg fill\" >\n\t\t\t\t\t\t\t\t\t\n\t\t\t\n\n\t\t<\/div>\n\n\t\t\n\n\t\t<div class=\"section-content relative\">\n\t\t\t\n<div class=\"row align-center\"  id=\"row-1403497655\">\n\n\t<div id=\"col-574564973\" class=\"col medium-7 small-12 large-7\"  >\n\t\t\t\t<div class=\"col-inner text-center\"  >\n\t\t\t\n\t\t\t\n<h2 class=\"\"><span style=\"font-size: 230%;\">Bungalows &amp; Far\u00e9s<\/span><\/h2>\n\t\t<\/div>\n\t\t\t\t\n<style>\n#col-574564973 > .col-inner {\n  padding: 40px 0px 0px 0px;\n}\n<\/style>\n\t<\/div>\n\n\t\n<\/div>\n<div class=\"row\"  id=\"row-521110789\">\n\n\t<div id=\"col-348655548\" class=\"col small-12 large-12\"  >\n\t\t\t\t<div class=\"col-inner\"  >\n\t\t\t\n\t\t\t\n<p class=\"lead\" style=\"text-align: center;\"><strong>L&rsquo;Aire de Famille<\/strong>, \u00e0 Bourail, vous propose <strong>6 h\u00e9bergements<\/strong>\u00a0dans <strong>3 types de produits<\/strong>.<\/p>\n<div class=\"row align-equal\"  id=\"row-2102100307\">\n\n\t<div id=\"col-743069830\" class=\"col medium-6 small-12 large-6\"  >\n\t\t\t\t<div class=\"col-inner box-shadow-4\" style=\"background-color:rgb(255,255,255);\" data-parallax-fade=\"true\" data-parallax=\"1\">\n\t\t\t\n\t\t\t\n<h2 style=\"text-align: center;\"><span style=\"color: #282828; font-size: 115%;\">Roulotte Zen<\/span><\/h2>\n<div class=\"slider-wrapper relative\" id=\"slider-2091826489\" >\n    <div class=\"slider slider-nav-circle slider-nav-large slider-nav-light slider-style-normal\"\n        data-flickity-options='{\n            \"cellAlign\": \"center\",\n            \"imagesLoaded\": true,\n            \"lazyLoad\": 1,\n            \"freeScroll\": false,\n            \"wrapAround\": true,\n            \"autoPlay\": 6000,\n            \"pauseAutoPlayOnHover\" : true,\n            \"prevNextButtons\": true,\n            \"contain\" : true,\n            \"adaptiveHeight\" : true,\n            \"dragThreshold\" : 10,\n            \"percentPosition\": true,\n            \"pageDots\": true,\n            \"rightToLeft\": false,\n            \"draggable\": true,\n            \"selectedAttraction\": 0.1,\n            \"parallax\" : 0,\n            \"friction\": 0.6        }'\n        >\n        \n\t<div class=\"img has-hover x md-x lg-x y md-y lg-y\" id=\"image_2077345732\">\n\t\t\t\t\t\t\t\t<div class=\"img-inner dark\" >\n\t\t\t<img loading=\"lazy\" decoding=\"async\" width=\"600\" height=\"350\" src=\"https:\/\/www.airedefamille.nc\/wp-content\/uploads\/2020\/06\/R2F.jpg\" class=\"attachment-large size-large\" alt=\"\" srcset=\"https:\/\/www.airedefamille.nc\/wp-content\/uploads\/2020\/06\/R2F.jpg 600w, https:\/\/www.airedefamille.nc\/wp-content\/uploads\/2020\/06\/R2F-300x175.jpg 300w\" sizes=\"auto, (max-width: 600px) 100vw, 600px\" \/>\t\t\t\t\t\t\n\t\t\t\t\t<\/div>\n\t\t\t\t\t\t\t\t\n<style>\n#image_2077345732 {\n  width: 100%;\n}\n<\/style>\n\t<\/div>\n\t\n\t<div class=\"img has-hover x md-x lg-x y md-y lg-y\" id=\"image_793281053\">\n\t\t\t\t\t\t\t\t<div class=\"img-inner dark\" >\n\t\t\t<img loading=\"lazy\" decoding=\"async\" width=\"600\" height=\"350\" src=\"https:\/\/www.airedefamille.nc\/wp-content\/uploads\/2020\/06\/zen.jpg\" class=\"attachment-large size-large\" alt=\"\" srcset=\"https:\/\/www.airedefamille.nc\/wp-content\/uploads\/2020\/06\/zen.jpg 600w, https:\/\/www.airedefamille.nc\/wp-content\/uploads\/2020\/06\/zen-300x175.jpg 300w\" sizes=\"auto, (max-width: 600px) 100vw, 600px\" \/>\t\t\t\t\t\t\n\t\t\t\t\t<\/div>\n\t\t\t\t\t\t\t\t\n<style>\n#image_793281053 {\n  width: 100%;\n}\n<\/style>\n\t<\/div>\n\t\n     <\/div>\n\n     <div class=\"loading-spin dark large centered\"><\/div>\n\n\t<\/div>\n\n\n<h3 style=\"text-align: center;\"><span style=\"color: #282828;\">8 000 F \/ 2 pers.<\/span><\/h3>\n<p style=\"text-align: center;\"><span style=\"color: #282828;\">1 lit double, 1 canap\u00e9 d&rsquo;appoint 1 place<\/span><\/p>\n\t\t<\/div>\n\t\t\t\t\n<style>\n#col-743069830 > .col-inner {\n  padding: 15px 0px 0px 0px;\n}\n<\/style>\n\t<\/div>\n\n\t\n\n\t<div id=\"col-1165299326\" class=\"col medium-6 small-12 large-6\"  >\n\t\t\t\t<div class=\"col-inner box-shadow-4\" style=\"background-color:rgb(255,255,255);\" data-parallax-fade=\"true\" data-parallax=\"1\">\n\t\t\t\n\t\t\t\n<h2 style=\"text-align: center;\"><span style=\"color: #282828; font-size: 115%;\">Roulotte Django<\/span><\/h2>\n<div class=\"slider-wrapper relative\" id=\"slider-2105159016\" >\n    <div class=\"slider slider-nav-circle slider-nav-large slider-nav-light slider-style-normal\"\n        data-flickity-options='{\n            \"cellAlign\": \"center\",\n            \"imagesLoaded\": true,\n            \"lazyLoad\": 1,\n            \"freeScroll\": false,\n            \"wrapAround\": true,\n            \"autoPlay\": 6000,\n            \"pauseAutoPlayOnHover\" : true,\n            \"prevNextButtons\": true,\n            \"contain\" : true,\n            \"adaptiveHeight\" : true,\n            \"dragThreshold\" : 10,\n            \"percentPosition\": true,\n            \"pageDots\": true,\n            \"rightToLeft\": false,\n            \"draggable\": true,\n            \"selectedAttraction\": 0.1,\n            \"parallax\" : 0,\n            \"friction\": 0.6        }'\n        >\n        \n\t<div class=\"img has-hover x md-x lg-x y md-y lg-y\" id=\"image_2012188654\">\n\t\t\t\t\t\t\t\t<div class=\"img-inner dark\" >\n\t\t\t<img loading=\"lazy\" decoding=\"async\" width=\"600\" height=\"350\" src=\"https:\/\/www.airedefamille.nc\/wp-content\/uploads\/2020\/06\/roulotte-django.jpg\" class=\"attachment-large size-large\" alt=\"\" srcset=\"https:\/\/www.airedefamille.nc\/wp-content\/uploads\/2020\/06\/roulotte-django.jpg 600w, https:\/\/www.airedefamille.nc\/wp-content\/uploads\/2020\/06\/roulotte-django-300x175.jpg 300w\" sizes=\"auto, (max-width: 600px) 100vw, 600px\" \/>\t\t\t\t\t\t\n\t\t\t\t\t<\/div>\n\t\t\t\t\t\t\t\t\n<style>\n#image_2012188654 {\n  width: 100%;\n}\n<\/style>\n\t<\/div>\n\t\n\t<div class=\"img has-hover x md-x lg-x y md-y lg-y\" id=\"image_1403364766\">\n\t\t\t\t\t\t\t\t<div class=\"img-inner dark\" >\n\t\t\t<img loading=\"lazy\" decoding=\"async\" width=\"600\" height=\"350\" src=\"https:\/\/www.airedefamille.nc\/wp-content\/uploads\/2020\/06\/roulotte.jpg\" class=\"attachment-large size-large\" alt=\"\" srcset=\"https:\/\/www.airedefamille.nc\/wp-content\/uploads\/2020\/06\/roulotte.jpg 600w, https:\/\/www.airedefamille.nc\/wp-content\/uploads\/2020\/06\/roulotte-300x175.jpg 300w\" sizes=\"auto, (max-width: 600px) 100vw, 600px\" \/>\t\t\t\t\t\t\n\t\t\t\t\t<\/div>\n\t\t\t\t\t\t\t\t\n<style>\n#image_1403364766 {\n  width: 100%;\n}\n<\/style>\n\t<\/div>\n\t\n     <\/div>\n\n     <div class=\"loading-spin dark large centered\"><\/div>\n\n\t<\/div>\n\n\n<h2 style=\"text-align: center;\"><span style=\"color: #282828;\">8 000 F \/ 2 pers.<\/span><\/h2>\n<p style=\"text-align: center;\"><span style=\"color: #282828;\">1 lit double, 1 canap\u00e9 d&rsquo;appoint 1 place<\/span><\/p>\n\t\t<\/div>\n\t\t\t\t\n<style>\n#col-1165299326 > .col-inner {\n  padding: 15px 0px 0px 0px;\n}\n<\/style>\n\t<\/div>\n\n\t\n\n\t<div id=\"col-479229999\" class=\"col medium-6 small-12 large-6\"  >\n\t\t\t\t<div class=\"col-inner box-shadow-4\" style=\"background-color:rgb(255,255,255);\" data-parallax-fade=\"true\" data-parallax=\"1\">\n\t\t\t\n\t\t\t\n<h2 style=\"text-align: center;\"><span style=\"color: #282828; font-size: 115%;\">Cabadienne Scandi<\/span><\/h2>\n<div class=\"slider-wrapper relative\" id=\"slider-989352131\" >\n    <div class=\"slider slider-nav-circle slider-nav-large slider-nav-light slider-style-normal\"\n        data-flickity-options='{\n            \"cellAlign\": \"center\",\n            \"imagesLoaded\": true,\n            \"lazyLoad\": 1,\n            \"freeScroll\": false,\n            \"wrapAround\": true,\n            \"autoPlay\": 6000,\n            \"pauseAutoPlayOnHover\" : true,\n            \"prevNextButtons\": true,\n            \"contain\" : true,\n            \"adaptiveHeight\" : true,\n            \"dragThreshold\" : 10,\n            \"percentPosition\": true,\n            \"pageDots\": true,\n            \"rightToLeft\": false,\n            \"draggable\": true,\n            \"selectedAttraction\": 0.1,\n            \"parallax\" : 0,\n            \"friction\": 0.6        }'\n        >\n        \n\t<div class=\"img has-hover x md-x lg-x y md-y lg-y\" id=\"image_366519866\">\n\t\t\t\t\t\t\t\t<div class=\"img-inner dark\" >\n\t\t\t<img loading=\"lazy\" decoding=\"async\" width=\"600\" height=\"350\" src=\"https:\/\/www.airedefamille.nc\/wp-content\/uploads\/2020\/06\/zen-5.jpg\" class=\"attachment-large size-large\" alt=\"\" srcset=\"https:\/\/www.airedefamille.nc\/wp-content\/uploads\/2020\/06\/zen-5.jpg 600w, https:\/\/www.airedefamille.nc\/wp-content\/uploads\/2020\/06\/zen-5-300x175.jpg 300w\" sizes=\"auto, (max-width: 600px) 100vw, 600px\" \/>\t\t\t\t\t\t\n\t\t\t\t\t<\/div>\n\t\t\t\t\t\t\t\t\n<style>\n#image_366519866 {\n  width: 100%;\n}\n<\/style>\n\t<\/div>\n\t\n\t<div class=\"img has-hover x md-x lg-x y md-y lg-y\" id=\"image_1082219631\">\n\t\t\t\t\t\t\t\t<div class=\"img-inner dark\" >\n\t\t\t<img loading=\"lazy\" decoding=\"async\" width=\"600\" height=\"350\" src=\"https:\/\/www.airedefamille.nc\/wp-content\/uploads\/2020\/06\/zen-1.jpg\" class=\"attachment-large size-large\" alt=\"\" srcset=\"https:\/\/www.airedefamille.nc\/wp-content\/uploads\/2020\/06\/zen-1.jpg 600w, https:\/\/www.airedefamille.nc\/wp-content\/uploads\/2020\/06\/zen-1-300x175.jpg 300w\" sizes=\"auto, (max-width: 600px) 100vw, 600px\" \/>\t\t\t\t\t\t\n\t\t\t\t\t<\/div>\n\t\t\t\t\t\t\t\t\n<style>\n#image_1082219631 {\n  width: 100%;\n}\n<\/style>\n\t<\/div>\n\t\n     <\/div>\n\n     <div class=\"loading-spin dark large centered\"><\/div>\n\n\t<\/div>\n\n\n<h3 style=\"text-align: center;\"><span style=\"color: #282828;\">9 000 F \/ 2 pers.<\/span><\/h3>\n<p style=\"text-align: center;\"><span style=\"color: #282828;\">1 lit double en mezzanine, 2 lits simples, 1 canap\u00e9 d&rsquo;appoint 2 places<\/span><\/p>\n\t\t<\/div>\n\t\t\t\t\n<style>\n#col-479229999 > .col-inner {\n  padding: 15px 0px 0px 0px;\n}\n<\/style>\n\t<\/div>\n\n\t\n\n\t<div id=\"col-125650102\" class=\"col medium-6 small-12 large-6\"  >\n\t\t\t\t<div class=\"col-inner box-shadow-4\" style=\"background-color:rgb(255,255,255);\" data-parallax-fade=\"true\" data-parallax=\"1\">\n\t\t\t\n\t\t\t\n<h2 style=\"text-align: center;\"><span style=\"color: #282828; font-size: 115%;\">Cabadienne Jungle<\/span><\/h2>\n<div class=\"slider-wrapper relative\" id=\"slider-1994422380\" >\n    <div class=\"slider slider-nav-circle slider-nav-large slider-nav-light slider-style-normal\"\n        data-flickity-options='{\n            \"cellAlign\": \"center\",\n            \"imagesLoaded\": true,\n            \"lazyLoad\": 1,\n            \"freeScroll\": false,\n            \"wrapAround\": true,\n            \"autoPlay\": 6000,\n            \"pauseAutoPlayOnHover\" : true,\n            \"prevNextButtons\": true,\n            \"contain\" : true,\n            \"adaptiveHeight\" : true,\n            \"dragThreshold\" : 10,\n            \"percentPosition\": true,\n            \"pageDots\": true,\n            \"rightToLeft\": false,\n            \"draggable\": true,\n            \"selectedAttraction\": 0.1,\n            \"parallax\" : 0,\n            \"friction\": 0.6        }'\n        >\n        \n\t<div class=\"img has-hover x md-x lg-x y md-y lg-y\" id=\"image_428466797\">\n\t\t\t\t\t\t\t\t<div class=\"img-inner dark\" >\n\t\t\t<img loading=\"lazy\" decoding=\"async\" width=\"600\" height=\"350\" src=\"https:\/\/www.airedefamille.nc\/wp-content\/uploads\/2020\/06\/zen-4.jpg\" class=\"attachment-large size-large\" alt=\"\" srcset=\"https:\/\/www.airedefamille.nc\/wp-content\/uploads\/2020\/06\/zen-4.jpg 600w, https:\/\/www.airedefamille.nc\/wp-content\/uploads\/2020\/06\/zen-4-300x175.jpg 300w\" sizes=\"auto, (max-width: 600px) 100vw, 600px\" \/>\t\t\t\t\t\t\n\t\t\t\t\t<\/div>\n\t\t\t\t\t\t\t\t\n<style>\n#image_428466797 {\n  width: 100%;\n}\n<\/style>\n\t<\/div>\n\t\n\t<div class=\"img has-hover x md-x lg-x y md-y lg-y\" id=\"image_1202328122\">\n\t\t\t\t\t\t\t\t<div class=\"img-inner dark\" >\n\t\t\t<img loading=\"lazy\" decoding=\"async\" width=\"600\" height=\"350\" src=\"https:\/\/www.airedefamille.nc\/wp-content\/uploads\/2020\/06\/junglr.jpg\" class=\"attachment-large size-large\" alt=\"\" srcset=\"https:\/\/www.airedefamille.nc\/wp-content\/uploads\/2020\/06\/junglr.jpg 600w, https:\/\/www.airedefamille.nc\/wp-content\/uploads\/2020\/06\/junglr-300x175.jpg 300w\" sizes=\"auto, (max-width: 600px) 100vw, 600px\" \/>\t\t\t\t\t\t\n\t\t\t\t\t<\/div>\n\t\t\t\t\t\t\t\t\n<style>\n#image_1202328122 {\n  width: 100%;\n}\n<\/style>\n\t<\/div>\n\t\n     <\/div>\n\n     <div class=\"loading-spin dark large centered\"><\/div>\n\n\t<\/div>\n\n\n<h3 style=\"text-align: center;\"><span style=\"color: #282828;\">9 000 F \/ 2 pers.<\/span><\/h3>\n<p style=\"text-align: center;\"><span style=\"color: #282828;\">1 lit double en mezzanine, 2 lits simples, 1 canap\u00e9 d&rsquo;appoint 2 places<\/span><\/p>\n\t\t<\/div>\n\t\t\t\t\n<style>\n#col-125650102 > .col-inner {\n  padding: 15px 0px 0px 0px;\n}\n<\/style>\n\t<\/div>\n\n\t\n\n<style>\n#row-2102100307 > .col > .col-inner {\n  padding: 0px 0px 0px 0px;\n}\n<\/style>\n<\/div>\n<div class=\"row align-equal\"  id=\"row-1413751314\">\n\n\t<div id=\"col-1193014480\" class=\"col medium-6 small-12 large-6\"  >\n\t\t\t\t<div class=\"col-inner box-shadow-4\" style=\"background-color:rgb(255,255,255);\" data-parallax-fade=\"true\" data-parallax=\"1\">\n\t\t\t\n\t\t\t\n<h2 style=\"text-align: center;\"><span style=\"color: #282828; font-size: 115%;\">D\u00f4me Etnik<\/span><\/h2>\n<div class=\"slider-wrapper relative\" id=\"slider-1158658294\" >\n    <div class=\"slider slider-nav-circle slider-nav-large slider-nav-light slider-style-normal\"\n        data-flickity-options='{\n            \"cellAlign\": \"center\",\n            \"imagesLoaded\": true,\n            \"lazyLoad\": 1,\n            \"freeScroll\": false,\n            \"wrapAround\": true,\n            \"autoPlay\": 6000,\n            \"pauseAutoPlayOnHover\" : true,\n            \"prevNextButtons\": true,\n            \"contain\" : true,\n            \"adaptiveHeight\" : true,\n            \"dragThreshold\" : 10,\n            \"percentPosition\": true,\n            \"pageDots\": true,\n            \"rightToLeft\": false,\n            \"draggable\": true,\n            \"selectedAttraction\": 0.1,\n            \"parallax\" : 0,\n            \"friction\": 0.6        }'\n        >\n        \n\t<div class=\"img has-hover x md-x lg-x y md-y lg-y\" id=\"image_1528922052\">\n\t\t\t\t\t\t\t\t<div class=\"img-inner dark\" >\n\t\t\t<img loading=\"lazy\" decoding=\"async\" width=\"600\" height=\"350\" src=\"https:\/\/www.airedefamille.nc\/wp-content\/uploads\/2022\/10\/Sans-titre-600-\u00d7-350-px.png\" class=\"attachment-large size-large\" alt=\"\" srcset=\"https:\/\/www.airedefamille.nc\/wp-content\/uploads\/2022\/10\/Sans-titre-600-\u00d7-350-px.png 600w, https:\/\/www.airedefamille.nc\/wp-content\/uploads\/2022\/10\/Sans-titre-600-\u00d7-350-px-300x175.png 300w\" sizes=\"auto, (max-width: 600px) 100vw, 600px\" \/>\t\t\t\t\t\t\n\t\t\t\t\t<\/div>\n\t\t\t\t\t\t\t\t\n<style>\n#image_1528922052 {\n  width: 100%;\n}\n<\/style>\n\t<\/div>\n\t\n\t<div class=\"img has-hover x md-x lg-x y md-y lg-y\" id=\"image_1232677462\">\n\t\t\t\t\t\t\t\t<div class=\"img-inner dark\" >\n\t\t\t<img loading=\"lazy\" decoding=\"async\" width=\"600\" height=\"350\" src=\"https:\/\/www.airedefamille.nc\/wp-content\/uploads\/2020\/06\/scandi.jpg\" class=\"attachment-large size-large\" alt=\"\" srcset=\"https:\/\/www.airedefamille.nc\/wp-content\/uploads\/2020\/06\/scandi.jpg 600w, https:\/\/www.airedefamille.nc\/wp-content\/uploads\/2020\/06\/scandi-300x175.jpg 300w\" sizes=\"auto, (max-width: 600px) 100vw, 600px\" \/>\t\t\t\t\t\t\n\t\t\t\t\t<\/div>\n\t\t\t\t\t\t\t\t\n<style>\n#image_1232677462 {\n  width: 100%;\n}\n<\/style>\n\t<\/div>\n\t\n     <\/div>\n\n     <div class=\"loading-spin dark large centered\"><\/div>\n\n\t<\/div>\n\n\n<h3 style=\"text-align: center;\"><span style=\"color: #282828;\">12 000 F \/ 2 pers.<\/span><\/h3>\n<p style=\"text-align: center;\"><span style=\"color: #282828;\">1 lit double en mezzanine, 1 lit double en chambre s\u00e9par\u00e9e, 1 canap\u00e9 d&rsquo;appoint 2 places<\/span><\/p>\n\t\t<\/div>\n\t\t\t\t\n<style>\n#col-1193014480 > .col-inner {\n  padding: 15px 0px 0px 0px;\n}\n<\/style>\n\t<\/div>\n\n\t\n\n\t<div id=\"col-1393291699\" class=\"col medium-6 small-12 large-6\"  >\n\t\t\t\t<div class=\"col-inner box-shadow-4\" style=\"background-color:rgb(255,255,255);\" data-parallax-fade=\"true\" data-parallax=\"1\">\n\t\t\t\n\t\t\t\n<h2 style=\"text-align: center;\"><span style=\"color: #282828; font-size: 115%;\">D\u00f4me Oceania<\/span><\/h2>\n<div class=\"slider-wrapper relative\" id=\"slider-67717366\" >\n    <div class=\"slider slider-nav-circle slider-nav-large slider-nav-light slider-style-normal\"\n        data-flickity-options='{\n            \"cellAlign\": \"center\",\n            \"imagesLoaded\": true,\n            \"lazyLoad\": 1,\n            \"freeScroll\": false,\n            \"wrapAround\": true,\n            \"autoPlay\": 6000,\n            \"pauseAutoPlayOnHover\" : true,\n            \"prevNextButtons\": true,\n            \"contain\" : true,\n            \"adaptiveHeight\" : true,\n            \"dragThreshold\" : 10,\n            \"percentPosition\": true,\n            \"pageDots\": true,\n            \"rightToLeft\": false,\n            \"draggable\": true,\n            \"selectedAttraction\": 0.1,\n            \"parallax\" : 0,\n            \"friction\": 0.6        }'\n        >\n        \n\t<div class=\"img has-hover x md-x lg-x y md-y lg-y\" id=\"image_13903783\">\n\t\t\t\t\t\t\t\t<div class=\"img-inner dark\" >\n\t\t\t<img loading=\"lazy\" decoding=\"async\" width=\"600\" height=\"350\" src=\"https:\/\/www.airedefamille.nc\/wp-content\/uploads\/2020\/06\/zen-2.jpg\" class=\"attachment-large size-large\" alt=\"\" srcset=\"https:\/\/www.airedefamille.nc\/wp-content\/uploads\/2020\/06\/zen-2.jpg 600w, https:\/\/www.airedefamille.nc\/wp-content\/uploads\/2020\/06\/zen-2-300x175.jpg 300w\" sizes=\"auto, (max-width: 600px) 100vw, 600px\" \/>\t\t\t\t\t\t\n\t\t\t\t\t<\/div>\n\t\t\t\t\t\t\t\t\n<style>\n#image_13903783 {\n  width: 100%;\n}\n<\/style>\n\t<\/div>\n\t\n\t<div class=\"img has-hover x md-x lg-x y md-y lg-y\" id=\"image_719150867\">\n\t\t\t\t\t\t\t\t<div class=\"img-inner dark\" >\n\t\t\t<img loading=\"lazy\" decoding=\"async\" width=\"600\" height=\"350\" src=\"https:\/\/www.airedefamille.nc\/wp-content\/uploads\/2020\/06\/dome-etnik.jpg\" class=\"attachment-large size-large\" alt=\"\" srcset=\"https:\/\/www.airedefamille.nc\/wp-content\/uploads\/2020\/06\/dome-etnik.jpg 600w, https:\/\/www.airedefamille.nc\/wp-content\/uploads\/2020\/06\/dome-etnik-300x175.jpg 300w\" sizes=\"auto, (max-width: 600px) 100vw, 600px\" \/>\t\t\t\t\t\t\n\t\t\t\t\t<\/div>\n\t\t\t\t\t\t\t\t\n<style>\n#image_719150867 {\n  width: 100%;\n}\n<\/style>\n\t<\/div>\n\t\n     <\/div>\n\n     <div class=\"loading-spin dark large centered\"><\/div>\n\n\t<\/div>\n\n\n<h3 style=\"text-align: center;\"><span style=\"color: #282828;\">12 000 F \/ 2 pers.<\/span><\/h3>\n<p style=\"text-align: center;\"><span style=\"color: #282828;\">7 lits simples, espace collectif.<\/span><\/p>\n\t\t<\/div>\n\t\t\t\t\n<style>\n#col-1393291699 > .col-inner {\n  padding: 15px 0px 0px 0px;\n}\n<\/style>\n\t<\/div>\n\n\t\n<\/div>\n<p style=\"text-align: center;\">Suppl\u00e9ment 2 000 F (+6ans) \/ 1 000F (-6 ans) \/ Enfant en lit parapluie : gratuit.<\/p>\n<div class=\"row\"  id=\"row-2052491094\">\n\n\t<div id=\"col-1323076683\" class=\"col small-12 large-12\"  >\n\t\t\t\t<div class=\"col-inner box-shadow-4\"  data-parallax-fade=\"true\" data-parallax=\"1\">\n\t\t\t\n\t\t\t\n<h2 style=\"text-align: center;\"><span style=\"color: #282828; font-size: 170%;\">Les Far\u00e9s<\/span><\/h2>\n<p style=\"text-align: center;\"><span style=\"color: #282828;\">L&rsquo;Aire de famille met \u00e0 votre disposition deux Far\u00e9s enti\u00e8rement \u00e9quip\u00e9s et fonctionnels pour faire soi-m\u00eame sa cuisine. Chacun d&rsquo;eux dispose d&rsquo;un grand frigo \u00e0 partager avec les autres clients du g\u00eete, un petit cong\u00e9lateur, 2 plaques \u00e0 gaz, une cafeti\u00e8re et de la vaisselle ( Poelle, sauteuse, casserole, marmite, couverts, assiettes, bols, saladiers, verres&#8230;) Les Far\u00e9s offrent deux grandes tables \u00e0 partager commun\u00e9ment et vous avez l&rsquo;option plus intimiste d&rsquo;utiliser les tables pr\u00e9vues dans chaque espace privatif. Un petit frigo est \u00e9galement mis \u00e0 disposition dans chaque bungalow. <\/span><\/p>\n<p style=\"text-align: center;\"><span style=\"color: #282828;\">Les espaces sanitaires et douches sont communs. Nous vous invitons \u00e0 trier vos d\u00e9chets en utilisant les caisses \u00e0 verre \/ alu , nous nous chargerons de les vider aux diff\u00e9rents points de collecte plac\u00e9s \u00e0 Po\u00e9 ou La Roche. Les d\u00e9chets v\u00e9g\u00e9taux, aliments sont \u00e0 donner aux poules qui appr\u00e9cieront! Le carton est \u00e0 br\u00fbler au coin feu!<\/span><\/p>\n<div class=\"row align-center\"  id=\"row-942649992\">\n\n\t<div id=\"col-848918012\" class=\"col medium-5 small-12 large-5\"  >\n\t\t\t\t<div class=\"col-inner\"  >\n\t\t\t\n\t\t\t\n\t<div class=\"img has-hover x md-x lg-x y md-y lg-y\" id=\"image_338882116\">\n\t\t\t\t\t\t\t\t<div class=\"img-inner dark\" >\n\t\t\t<img loading=\"lazy\" decoding=\"async\" width=\"600\" height=\"350\" src=\"https:\/\/www.airedefamille.nc\/wp-content\/uploads\/2020\/06\/fare-bourail.jpg\" class=\"attachment-large size-large\" alt=\"\" srcset=\"https:\/\/www.airedefamille.nc\/wp-content\/uploads\/2020\/06\/fare-bourail.jpg 600w, https:\/\/www.airedefamille.nc\/wp-content\/uploads\/2020\/06\/fare-bourail-300x175.jpg 300w\" sizes=\"auto, (max-width: 600px) 100vw, 600px\" \/>\t\t\t\t\t\t\n\t\t\t\t\t<\/div>\n\t\t\t\t\t\t\t\t\n<style>\n#image_338882116 {\n  width: 100%;\n}\n<\/style>\n\t<\/div>\n\t\n\t\t<\/div>\n\t\t\t\t\t<\/div>\n\n\t\n\n\t<div id=\"col-531500256\" class=\"col medium-5 small-12 large-5\"  >\n\t\t\t\t<div class=\"col-inner text-center\"  >\n\t\t\t\n\t\t\t\n\t<div class=\"img has-hover x md-x lg-x y md-y lg-y\" id=\"image_422307121\">\n\t\t\t\t\t\t\t\t<div class=\"img-inner dark\" >\n\t\t\t<img loading=\"lazy\" decoding=\"async\" width=\"600\" height=\"350\" src=\"https:\/\/www.airedefamille.nc\/wp-content\/uploads\/2020\/06\/fare-bourail-1.jpg\" class=\"attachment-large size-large\" alt=\"\" srcset=\"https:\/\/www.airedefamille.nc\/wp-content\/uploads\/2020\/06\/fare-bourail-1.jpg 600w, https:\/\/www.airedefamille.nc\/wp-content\/uploads\/2020\/06\/fare-bourail-1-300x175.jpg 300w\" sizes=\"auto, (max-width: 600px) 100vw, 600px\" \/>\t\t\t\t\t\t\n\t\t\t\t\t<\/div>\n\t\t\t\t\t\t\t\t\n<style>\n#image_422307121 {\n  width: 100%;\n}\n<\/style>\n\t<\/div>\n\t\n\t\t<\/div>\n\t\t\t\t\t<\/div>\n\n\t\n<\/div>\n\t\t<\/div>\n\t\t\t\t\n<style>\n#col-1323076683 > .col-inner {\n  padding: 15px 7px 0px 7px;\n}\n<\/style>\n\t<\/div>\n\n\t\n\n<style>\n#row-2052491094 > .col > .col-inner {\n  background-color: rgb(255,255,255);\n}\n<\/style>\n<\/div>\n\t\t<\/div>\n\t\t\t\t\n<style>\n#col-348655548 > .col-inner {\n  margin: 0px 0px 60px 0px;\n}\n<\/style>\n\t<\/div>\n\n\t\n<\/div>\n\t\t<\/div>\n\n\t\t\n<style>\n#section_415573942 {\n  padding-top: 0px;\n  padding-bottom: 0px;\n  background-color: rgb(227, 152, 31);\n}\n<\/style>\n\t<\/section>\n\t\n\n\t<section class=\"section has-mask mask-arrow\" id=\"section_438764433\">\n\t\t<div class=\"section-bg fill\" >\n\t\t\t\t\t\t\t\t\t\n\t\t\t\n\n\t\t<\/div>\n\n\t\t\n\n\t\t<div class=\"section-content relative\">\n\t\t\t\n<div class=\"row\"  id=\"row-2051009816\">\n\n\t<div id=\"col-1856452576\" class=\"col small-12 large-12\"  data-animate=\"fadeInUp\">\n\t\t\t\t<div class=\"col-inner\"  >\n\t\t\t\n\t\t\t\n<h2 class=\"\" style=\"text-align: center;\"><span style=\"font-size: 250%;\">\u00c7a vaut le coup d&rsquo;oeil<\/span><\/h2>\n\t<div id=\"gap-334790139\" class=\"gap-element clearfix\" style=\"display:block; height:auto;\">\n\t\t\n<style>\n#gap-334790139 {\n  padding-top: 30px;\n}\n<\/style>\n\t<\/div>\n\t\n\n  \n    <div class=\"row large-columns-4 medium-columns-3 small-columns-2\" >\n  <div class=\"gallery-col col\" >\n          <div class=\"col-inner\">\n            <a class=\"image-lightbox lightbox-gallery\" href=\"https:\/\/www.airedefamille.nc\/wp-content\/uploads\/2020\/06\/aire-de-famille-gite-bourail-10-1024x768.jpg\" title=\"\">            <div class=\"box has-hover gallery-box box-overlay dark\">\n              <div class=\"box-image box-shadow-1-hover\" >\n                <img loading=\"lazy\" decoding=\"async\" width=\"300\" height=\"225\" src=\"https:\/\/www.airedefamille.nc\/wp-content\/uploads\/2020\/06\/aire-de-famille-gite-bourail-10-300x225.jpg\" class=\"attachment-medium size-medium\" alt=\"\" ids=\"306,307,308,309,310,311,312,313,314,315,316,317,318,319,320,321\" depth_hover=\"1\" srcset=\"https:\/\/www.airedefamille.nc\/wp-content\/uploads\/2020\/06\/aire-de-famille-gite-bourail-10-300x225.jpg 300w, https:\/\/www.airedefamille.nc\/wp-content\/uploads\/2020\/06\/aire-de-famille-gite-bourail-10-1024x768.jpg 1024w, https:\/\/www.airedefamille.nc\/wp-content\/uploads\/2020\/06\/aire-de-famille-gite-bourail-10-768x576.jpg 768w, https:\/\/www.airedefamille.nc\/wp-content\/uploads\/2020\/06\/aire-de-famille-gite-bourail-10-1536x1152.jpg 1536w, https:\/\/www.airedefamille.nc\/wp-content\/uploads\/2020\/06\/aire-de-famille-gite-bourail-10.jpg 1840w\" sizes=\"auto, (max-width: 300px) 100vw, 300px\" \/>                                  <div class=\"overlay fill\"\n                      style=\"background-color: rgba(0,0,0,.15)\">\n                  <\/div>\n                                                              <\/div>\n              <div class=\"box-text text-left\" >\n                 <p><\/p>\n              <\/div>\n            <\/div>\n            <\/a>          <\/div>\n         <\/div><div class=\"gallery-col col\" >\n          <div class=\"col-inner\">\n            <a class=\"image-lightbox lightbox-gallery\" href=\"https:\/\/www.airedefamille.nc\/wp-content\/uploads\/2020\/06\/aire-de-famille-gite-bourail-25-1024x768.jpg\" title=\"\">            <div class=\"box has-hover gallery-box box-overlay dark\">\n              <div class=\"box-image box-shadow-1-hover\" >\n                <img loading=\"lazy\" decoding=\"async\" width=\"300\" height=\"225\" src=\"https:\/\/www.airedefamille.nc\/wp-content\/uploads\/2020\/06\/aire-de-famille-gite-bourail-25-300x225.jpg\" class=\"attachment-medium size-medium\" alt=\"\" ids=\"306,307,308,309,310,311,312,313,314,315,316,317,318,319,320,321\" depth_hover=\"1\" srcset=\"https:\/\/www.airedefamille.nc\/wp-content\/uploads\/2020\/06\/aire-de-famille-gite-bourail-25-300x225.jpg 300w, https:\/\/www.airedefamille.nc\/wp-content\/uploads\/2020\/06\/aire-de-famille-gite-bourail-25-1024x768.jpg 1024w, https:\/\/www.airedefamille.nc\/wp-content\/uploads\/2020\/06\/aire-de-famille-gite-bourail-25-768x576.jpg 768w, https:\/\/www.airedefamille.nc\/wp-content\/uploads\/2020\/06\/aire-de-famille-gite-bourail-25-1536x1152.jpg 1536w, https:\/\/www.airedefamille.nc\/wp-content\/uploads\/2020\/06\/aire-de-famille-gite-bourail-25.jpg 1840w\" sizes=\"auto, (max-width: 300px) 100vw, 300px\" \/>                                  <div class=\"overlay fill\"\n                      style=\"background-color: rgba(0,0,0,.15)\">\n                  <\/div>\n                                                              <\/div>\n              <div class=\"box-text text-left\" >\n                 <p><\/p>\n              <\/div>\n            <\/div>\n            <\/a>          <\/div>\n         <\/div><div class=\"gallery-col col\" >\n          <div class=\"col-inner\">\n            <a class=\"image-lightbox lightbox-gallery\" href=\"https:\/\/www.airedefamille.nc\/wp-content\/uploads\/2020\/06\/aire-de-famille-gite-bourail-24-1024x768.jpg\" title=\"\">            <div class=\"box has-hover gallery-box box-overlay dark\">\n              <div class=\"box-image box-shadow-1-hover\" >\n                <img loading=\"lazy\" decoding=\"async\" width=\"300\" height=\"225\" src=\"https:\/\/www.airedefamille.nc\/wp-content\/uploads\/2020\/06\/aire-de-famille-gite-bourail-24-300x225.jpg\" class=\"attachment-medium size-medium\" alt=\"\" ids=\"306,307,308,309,310,311,312,313,314,315,316,317,318,319,320,321\" depth_hover=\"1\" srcset=\"https:\/\/www.airedefamille.nc\/wp-content\/uploads\/2020\/06\/aire-de-famille-gite-bourail-24-300x225.jpg 300w, https:\/\/www.airedefamille.nc\/wp-content\/uploads\/2020\/06\/aire-de-famille-gite-bourail-24-1024x768.jpg 1024w, https:\/\/www.airedefamille.nc\/wp-content\/uploads\/2020\/06\/aire-de-famille-gite-bourail-24-768x576.jpg 768w, https:\/\/www.airedefamille.nc\/wp-content\/uploads\/2020\/06\/aire-de-famille-gite-bourail-24-1536x1152.jpg 1536w, https:\/\/www.airedefamille.nc\/wp-content\/uploads\/2020\/06\/aire-de-famille-gite-bourail-24.jpg 1840w\" sizes=\"auto, (max-width: 300px) 100vw, 300px\" \/>                                  <div class=\"overlay fill\"\n                      style=\"background-color: rgba(0,0,0,.15)\">\n                  <\/div>\n                                                              <\/div>\n              <div class=\"box-text text-left\" >\n                 <p><\/p>\n              <\/div>\n            <\/div>\n            <\/a>          <\/div>\n         <\/div><div class=\"gallery-col col\" >\n          <div class=\"col-inner\">\n            <a class=\"image-lightbox lightbox-gallery\" href=\"https:\/\/www.airedefamille.nc\/wp-content\/uploads\/2020\/06\/aire-de-famille-gite-bourail-23-1024x768.jpg\" title=\"\">            <div class=\"box has-hover gallery-box box-overlay dark\">\n              <div class=\"box-image box-shadow-1-hover\" >\n                <img loading=\"lazy\" decoding=\"async\" width=\"300\" height=\"225\" src=\"https:\/\/www.airedefamille.nc\/wp-content\/uploads\/2020\/06\/aire-de-famille-gite-bourail-23-300x225.jpg\" class=\"attachment-medium size-medium\" alt=\"\" ids=\"306,307,308,309,310,311,312,313,314,315,316,317,318,319,320,321\" depth_hover=\"1\" srcset=\"https:\/\/www.airedefamille.nc\/wp-content\/uploads\/2020\/06\/aire-de-famille-gite-bourail-23-300x225.jpg 300w, https:\/\/www.airedefamille.nc\/wp-content\/uploads\/2020\/06\/aire-de-famille-gite-bourail-23-1024x768.jpg 1024w, https:\/\/www.airedefamille.nc\/wp-content\/uploads\/2020\/06\/aire-de-famille-gite-bourail-23-768x576.jpg 768w, https:\/\/www.airedefamille.nc\/wp-content\/uploads\/2020\/06\/aire-de-famille-gite-bourail-23-1536x1152.jpg 1536w, https:\/\/www.airedefamille.nc\/wp-content\/uploads\/2020\/06\/aire-de-famille-gite-bourail-23.jpg 1840w\" sizes=\"auto, (max-width: 300px) 100vw, 300px\" \/>                                  <div class=\"overlay fill\"\n                      style=\"background-color: rgba(0,0,0,.15)\">\n                  <\/div>\n                                                              <\/div>\n              <div class=\"box-text text-left\" >\n                 <p><\/p>\n              <\/div>\n            <\/div>\n            <\/a>          <\/div>\n         <\/div><div class=\"gallery-col col\" >\n          <div class=\"col-inner\">\n            <a class=\"image-lightbox lightbox-gallery\" href=\"https:\/\/www.airedefamille.nc\/wp-content\/uploads\/2020\/06\/aire-de-famille-gite-bourail-22-1024x768.jpg\" title=\"\">            <div class=\"box has-hover gallery-box box-overlay dark\">\n              <div class=\"box-image box-shadow-1-hover\" >\n                <img loading=\"lazy\" decoding=\"async\" width=\"300\" height=\"225\" src=\"https:\/\/www.airedefamille.nc\/wp-content\/uploads\/2020\/06\/aire-de-famille-gite-bourail-22-300x225.jpg\" class=\"attachment-medium size-medium\" alt=\"\" ids=\"306,307,308,309,310,311,312,313,314,315,316,317,318,319,320,321\" depth_hover=\"1\" srcset=\"https:\/\/www.airedefamille.nc\/wp-content\/uploads\/2020\/06\/aire-de-famille-gite-bourail-22-300x225.jpg 300w, https:\/\/www.airedefamille.nc\/wp-content\/uploads\/2020\/06\/aire-de-famille-gite-bourail-22-1024x768.jpg 1024w, https:\/\/www.airedefamille.nc\/wp-content\/uploads\/2020\/06\/aire-de-famille-gite-bourail-22-768x576.jpg 768w, https:\/\/www.airedefamille.nc\/wp-content\/uploads\/2020\/06\/aire-de-famille-gite-bourail-22-1536x1152.jpg 1536w, https:\/\/www.airedefamille.nc\/wp-content\/uploads\/2020\/06\/aire-de-famille-gite-bourail-22.jpg 1840w\" sizes=\"auto, (max-width: 300px) 100vw, 300px\" \/>                                  <div class=\"overlay fill\"\n                      style=\"background-color: rgba(0,0,0,.15)\">\n                  <\/div>\n                                                              <\/div>\n              <div class=\"box-text text-left\" >\n                 <p><\/p>\n              <\/div>\n            <\/div>\n            <\/a>          <\/div>\n         <\/div><div class=\"gallery-col col\" >\n          <div class=\"col-inner\">\n            <a class=\"image-lightbox lightbox-gallery\" href=\"https:\/\/www.airedefamille.nc\/wp-content\/uploads\/2020\/06\/aire-de-famille-gite-bourail-21-1024x768.jpg\" title=\"\">            <div class=\"box has-hover gallery-box box-overlay dark\">\n              <div class=\"box-image box-shadow-1-hover\" >\n                <img loading=\"lazy\" decoding=\"async\" width=\"300\" height=\"225\" src=\"https:\/\/www.airedefamille.nc\/wp-content\/uploads\/2020\/06\/aire-de-famille-gite-bourail-21-300x225.jpg\" class=\"attachment-medium size-medium\" alt=\"\" ids=\"306,307,308,309,310,311,312,313,314,315,316,317,318,319,320,321\" depth_hover=\"1\" srcset=\"https:\/\/www.airedefamille.nc\/wp-content\/uploads\/2020\/06\/aire-de-famille-gite-bourail-21-300x225.jpg 300w, https:\/\/www.airedefamille.nc\/wp-content\/uploads\/2020\/06\/aire-de-famille-gite-bourail-21-1024x768.jpg 1024w, https:\/\/www.airedefamille.nc\/wp-content\/uploads\/2020\/06\/aire-de-famille-gite-bourail-21-768x576.jpg 768w, https:\/\/www.airedefamille.nc\/wp-content\/uploads\/2020\/06\/aire-de-famille-gite-bourail-21-1536x1152.jpg 1536w, https:\/\/www.airedefamille.nc\/wp-content\/uploads\/2020\/06\/aire-de-famille-gite-bourail-21.jpg 1840w\" sizes=\"auto, (max-width: 300px) 100vw, 300px\" \/>                                  <div class=\"overlay fill\"\n                      style=\"background-color: rgba(0,0,0,.15)\">\n                  <\/div>\n                                                              <\/div>\n              <div class=\"box-text text-left\" >\n                 <p><\/p>\n              <\/div>\n            <\/div>\n            <\/a>          <\/div>\n         <\/div><div class=\"gallery-col col\" >\n          <div class=\"col-inner\">\n            <a class=\"image-lightbox lightbox-gallery\" href=\"https:\/\/www.airedefamille.nc\/wp-content\/uploads\/2020\/06\/aire-de-famille-gite-bourail-20-1024x768.jpg\" title=\"\">            <div class=\"box has-hover gallery-box box-overlay dark\">\n              <div class=\"box-image box-shadow-1-hover\" >\n                <img loading=\"lazy\" decoding=\"async\" width=\"300\" height=\"225\" src=\"https:\/\/www.airedefamille.nc\/wp-content\/uploads\/2020\/06\/aire-de-famille-gite-bourail-20-300x225.jpg\" class=\"attachment-medium size-medium\" alt=\"\" ids=\"306,307,308,309,310,311,312,313,314,315,316,317,318,319,320,321\" depth_hover=\"1\" srcset=\"https:\/\/www.airedefamille.nc\/wp-content\/uploads\/2020\/06\/aire-de-famille-gite-bourail-20-300x225.jpg 300w, https:\/\/www.airedefamille.nc\/wp-content\/uploads\/2020\/06\/aire-de-famille-gite-bourail-20-1024x768.jpg 1024w, https:\/\/www.airedefamille.nc\/wp-content\/uploads\/2020\/06\/aire-de-famille-gite-bourail-20-768x576.jpg 768w, https:\/\/www.airedefamille.nc\/wp-content\/uploads\/2020\/06\/aire-de-famille-gite-bourail-20-1536x1152.jpg 1536w, https:\/\/www.airedefamille.nc\/wp-content\/uploads\/2020\/06\/aire-de-famille-gite-bourail-20.jpg 1840w\" sizes=\"auto, (max-width: 300px) 100vw, 300px\" \/>                                  <div class=\"overlay fill\"\n                      style=\"background-color: rgba(0,0,0,.15)\">\n                  <\/div>\n                                                              <\/div>\n              <div class=\"box-text text-left\" >\n                 <p><\/p>\n              <\/div>\n            <\/div>\n            <\/a>          <\/div>\n         <\/div><div class=\"gallery-col col\" >\n          <div class=\"col-inner\">\n            <a class=\"image-lightbox lightbox-gallery\" href=\"https:\/\/www.airedefamille.nc\/wp-content\/uploads\/2020\/06\/aire-de-famille-gite-bourail-19-1024x768.jpg\" title=\"\">            <div class=\"box has-hover gallery-box box-overlay dark\">\n              <div class=\"box-image box-shadow-1-hover\" >\n                <img loading=\"lazy\" decoding=\"async\" width=\"300\" height=\"225\" src=\"https:\/\/www.airedefamille.nc\/wp-content\/uploads\/2020\/06\/aire-de-famille-gite-bourail-19-300x225.jpg\" class=\"attachment-medium size-medium\" alt=\"\" ids=\"306,307,308,309,310,311,312,313,314,315,316,317,318,319,320,321\" depth_hover=\"1\" srcset=\"https:\/\/www.airedefamille.nc\/wp-content\/uploads\/2020\/06\/aire-de-famille-gite-bourail-19-300x225.jpg 300w, https:\/\/www.airedefamille.nc\/wp-content\/uploads\/2020\/06\/aire-de-famille-gite-bourail-19-1024x768.jpg 1024w, https:\/\/www.airedefamille.nc\/wp-content\/uploads\/2020\/06\/aire-de-famille-gite-bourail-19-768x576.jpg 768w, https:\/\/www.airedefamille.nc\/wp-content\/uploads\/2020\/06\/aire-de-famille-gite-bourail-19-1536x1152.jpg 1536w, https:\/\/www.airedefamille.nc\/wp-content\/uploads\/2020\/06\/aire-de-famille-gite-bourail-19.jpg 1840w\" sizes=\"auto, (max-width: 300px) 100vw, 300px\" \/>                                  <div class=\"overlay fill\"\n                      style=\"background-color: rgba(0,0,0,.15)\">\n                  <\/div>\n                                                              <\/div>\n              <div class=\"box-text text-left\" >\n                 <p><\/p>\n              <\/div>\n            <\/div>\n            <\/a>          <\/div>\n         <\/div><div class=\"gallery-col col\" >\n          <div class=\"col-inner\">\n            <a class=\"image-lightbox lightbox-gallery\" href=\"https:\/\/www.airedefamille.nc\/wp-content\/uploads\/2020\/06\/aire-de-famille-gite-bourail-18-1024x768.jpg\" title=\"\">            <div class=\"box has-hover gallery-box box-overlay dark\">\n              <div class=\"box-image box-shadow-1-hover\" >\n                <img loading=\"lazy\" decoding=\"async\" width=\"300\" height=\"225\" src=\"https:\/\/www.airedefamille.nc\/wp-content\/uploads\/2020\/06\/aire-de-famille-gite-bourail-18-300x225.jpg\" class=\"attachment-medium size-medium\" alt=\"\" ids=\"306,307,308,309,310,311,312,313,314,315,316,317,318,319,320,321\" depth_hover=\"1\" srcset=\"https:\/\/www.airedefamille.nc\/wp-content\/uploads\/2020\/06\/aire-de-famille-gite-bourail-18-300x225.jpg 300w, https:\/\/www.airedefamille.nc\/wp-content\/uploads\/2020\/06\/aire-de-famille-gite-bourail-18-1024x768.jpg 1024w, https:\/\/www.airedefamille.nc\/wp-content\/uploads\/2020\/06\/aire-de-famille-gite-bourail-18-768x576.jpg 768w, https:\/\/www.airedefamille.nc\/wp-content\/uploads\/2020\/06\/aire-de-famille-gite-bourail-18-1536x1152.jpg 1536w, https:\/\/www.airedefamille.nc\/wp-content\/uploads\/2020\/06\/aire-de-famille-gite-bourail-18.jpg 1840w\" sizes=\"auto, (max-width: 300px) 100vw, 300px\" \/>                                  <div class=\"overlay fill\"\n                      style=\"background-color: rgba(0,0,0,.15)\">\n                  <\/div>\n                                                              <\/div>\n              <div class=\"box-text text-left\" >\n                 <p><\/p>\n              <\/div>\n            <\/div>\n            <\/a>          <\/div>\n         <\/div><div class=\"gallery-col col\" >\n          <div class=\"col-inner\">\n            <a class=\"image-lightbox lightbox-gallery\" href=\"https:\/\/www.airedefamille.nc\/wp-content\/uploads\/2020\/06\/aire-de-famille-gite-bourail-17-1024x768.jpg\" title=\"\">            <div class=\"box has-hover gallery-box box-overlay dark\">\n              <div class=\"box-image box-shadow-1-hover\" >\n                <img loading=\"lazy\" decoding=\"async\" width=\"300\" height=\"225\" src=\"https:\/\/www.airedefamille.nc\/wp-content\/uploads\/2020\/06\/aire-de-famille-gite-bourail-17-300x225.jpg\" class=\"attachment-medium size-medium\" alt=\"\" ids=\"306,307,308,309,310,311,312,313,314,315,316,317,318,319,320,321\" depth_hover=\"1\" srcset=\"https:\/\/www.airedefamille.nc\/wp-content\/uploads\/2020\/06\/aire-de-famille-gite-bourail-17-300x225.jpg 300w, https:\/\/www.airedefamille.nc\/wp-content\/uploads\/2020\/06\/aire-de-famille-gite-bourail-17-1024x768.jpg 1024w, https:\/\/www.airedefamille.nc\/wp-content\/uploads\/2020\/06\/aire-de-famille-gite-bourail-17-768x576.jpg 768w, https:\/\/www.airedefamille.nc\/wp-content\/uploads\/2020\/06\/aire-de-famille-gite-bourail-17-1536x1152.jpg 1536w, https:\/\/www.airedefamille.nc\/wp-content\/uploads\/2020\/06\/aire-de-famille-gite-bourail-17.jpg 1840w\" sizes=\"auto, (max-width: 300px) 100vw, 300px\" \/>                                  <div class=\"overlay fill\"\n                      style=\"background-color: rgba(0,0,0,.15)\">\n                  <\/div>\n                                                              <\/div>\n              <div class=\"box-text text-left\" >\n                 <p><\/p>\n              <\/div>\n            <\/div>\n            <\/a>          <\/div>\n         <\/div><div class=\"gallery-col col\" >\n          <div class=\"col-inner\">\n            <a class=\"image-lightbox lightbox-gallery\" href=\"https:\/\/www.airedefamille.nc\/wp-content\/uploads\/2020\/06\/aire-de-famille-gite-bourail-16-1024x768.jpg\" title=\"\">            <div class=\"box has-hover gallery-box box-overlay dark\">\n              <div class=\"box-image box-shadow-1-hover\" >\n                <img loading=\"lazy\" decoding=\"async\" width=\"300\" height=\"225\" src=\"https:\/\/www.airedefamille.nc\/wp-content\/uploads\/2020\/06\/aire-de-famille-gite-bourail-16-300x225.jpg\" class=\"attachment-medium size-medium\" alt=\"\" ids=\"306,307,308,309,310,311,312,313,314,315,316,317,318,319,320,321\" depth_hover=\"1\" srcset=\"https:\/\/www.airedefamille.nc\/wp-content\/uploads\/2020\/06\/aire-de-famille-gite-bourail-16-300x225.jpg 300w, https:\/\/www.airedefamille.nc\/wp-content\/uploads\/2020\/06\/aire-de-famille-gite-bourail-16-1024x768.jpg 1024w, https:\/\/www.airedefamille.nc\/wp-content\/uploads\/2020\/06\/aire-de-famille-gite-bourail-16-768x576.jpg 768w, https:\/\/www.airedefamille.nc\/wp-content\/uploads\/2020\/06\/aire-de-famille-gite-bourail-16-1536x1152.jpg 1536w, https:\/\/www.airedefamille.nc\/wp-content\/uploads\/2020\/06\/aire-de-famille-gite-bourail-16.jpg 1840w\" sizes=\"auto, (max-width: 300px) 100vw, 300px\" \/>                                  <div class=\"overlay fill\"\n                      style=\"background-color: rgba(0,0,0,.15)\">\n                  <\/div>\n                                                              <\/div>\n              <div class=\"box-text text-left\" >\n                 <p><\/p>\n              <\/div>\n            <\/div>\n            <\/a>          <\/div>\n         <\/div><div class=\"gallery-col col\" >\n          <div class=\"col-inner\">\n            <a class=\"image-lightbox lightbox-gallery\" href=\"https:\/\/www.airedefamille.nc\/wp-content\/uploads\/2020\/06\/aire-de-famille-gite-bourail-15-1024x768.jpg\" title=\"\">            <div class=\"box has-hover gallery-box box-overlay dark\">\n              <div class=\"box-image box-shadow-1-hover\" >\n                <img loading=\"lazy\" decoding=\"async\" width=\"300\" height=\"225\" src=\"https:\/\/www.airedefamille.nc\/wp-content\/uploads\/2020\/06\/aire-de-famille-gite-bourail-15-300x225.jpg\" class=\"attachment-medium size-medium\" alt=\"\" ids=\"306,307,308,309,310,311,312,313,314,315,316,317,318,319,320,321\" depth_hover=\"1\" srcset=\"https:\/\/www.airedefamille.nc\/wp-content\/uploads\/2020\/06\/aire-de-famille-gite-bourail-15-300x225.jpg 300w, https:\/\/www.airedefamille.nc\/wp-content\/uploads\/2020\/06\/aire-de-famille-gite-bourail-15-1024x768.jpg 1024w, https:\/\/www.airedefamille.nc\/wp-content\/uploads\/2020\/06\/aire-de-famille-gite-bourail-15-768x576.jpg 768w, https:\/\/www.airedefamille.nc\/wp-content\/uploads\/2020\/06\/aire-de-famille-gite-bourail-15-1536x1152.jpg 1536w, https:\/\/www.airedefamille.nc\/wp-content\/uploads\/2020\/06\/aire-de-famille-gite-bourail-15.jpg 1840w\" sizes=\"auto, (max-width: 300px) 100vw, 300px\" \/>                                  <div class=\"overlay fill\"\n                      style=\"background-color: rgba(0,0,0,.15)\">\n                  <\/div>\n                                                              <\/div>\n              <div class=\"box-text text-left\" >\n                 <p><\/p>\n              <\/div>\n            <\/div>\n            <\/a>          <\/div>\n         <\/div><div class=\"gallery-col col\" >\n          <div class=\"col-inner\">\n            <a class=\"image-lightbox lightbox-gallery\" href=\"https:\/\/www.airedefamille.nc\/wp-content\/uploads\/2020\/06\/aire-de-famille-gite-bourail-14-1024x768.jpg\" title=\"\">            <div class=\"box has-hover gallery-box box-overlay dark\">\n              <div class=\"box-image box-shadow-1-hover\" >\n                <img loading=\"lazy\" decoding=\"async\" width=\"300\" height=\"225\" src=\"https:\/\/www.airedefamille.nc\/wp-content\/uploads\/2020\/06\/aire-de-famille-gite-bourail-14-300x225.jpg\" class=\"attachment-medium size-medium\" alt=\"\" ids=\"306,307,308,309,310,311,312,313,314,315,316,317,318,319,320,321\" depth_hover=\"1\" srcset=\"https:\/\/www.airedefamille.nc\/wp-content\/uploads\/2020\/06\/aire-de-famille-gite-bourail-14-300x225.jpg 300w, https:\/\/www.airedefamille.nc\/wp-content\/uploads\/2020\/06\/aire-de-famille-gite-bourail-14-1024x768.jpg 1024w, https:\/\/www.airedefamille.nc\/wp-content\/uploads\/2020\/06\/aire-de-famille-gite-bourail-14-768x576.jpg 768w, https:\/\/www.airedefamille.nc\/wp-content\/uploads\/2020\/06\/aire-de-famille-gite-bourail-14-1536x1152.jpg 1536w, https:\/\/www.airedefamille.nc\/wp-content\/uploads\/2020\/06\/aire-de-famille-gite-bourail-14.jpg 1840w\" sizes=\"auto, (max-width: 300px) 100vw, 300px\" \/>                                  <div class=\"overlay fill\"\n                      style=\"background-color: rgba(0,0,0,.15)\">\n                  <\/div>\n                                                              <\/div>\n              <div class=\"box-text text-left\" >\n                 <p><\/p>\n              <\/div>\n            <\/div>\n            <\/a>          <\/div>\n         <\/div><div class=\"gallery-col col\" >\n          <div class=\"col-inner\">\n            <a class=\"image-lightbox lightbox-gallery\" href=\"https:\/\/www.airedefamille.nc\/wp-content\/uploads\/2020\/06\/aire-de-famille-gite-bourail-13-1024x768.jpg\" title=\"\">            <div class=\"box has-hover gallery-box box-overlay dark\">\n              <div class=\"box-image box-shadow-1-hover\" >\n                <img loading=\"lazy\" decoding=\"async\" width=\"300\" height=\"225\" src=\"https:\/\/www.airedefamille.nc\/wp-content\/uploads\/2020\/06\/aire-de-famille-gite-bourail-13-300x225.jpg\" class=\"attachment-medium size-medium\" alt=\"\" ids=\"306,307,308,309,310,311,312,313,314,315,316,317,318,319,320,321\" depth_hover=\"1\" srcset=\"https:\/\/www.airedefamille.nc\/wp-content\/uploads\/2020\/06\/aire-de-famille-gite-bourail-13-300x225.jpg 300w, https:\/\/www.airedefamille.nc\/wp-content\/uploads\/2020\/06\/aire-de-famille-gite-bourail-13-1024x768.jpg 1024w, https:\/\/www.airedefamille.nc\/wp-content\/uploads\/2020\/06\/aire-de-famille-gite-bourail-13-768x576.jpg 768w, https:\/\/www.airedefamille.nc\/wp-content\/uploads\/2020\/06\/aire-de-famille-gite-bourail-13-1536x1152.jpg 1536w, https:\/\/www.airedefamille.nc\/wp-content\/uploads\/2020\/06\/aire-de-famille-gite-bourail-13.jpg 1840w\" sizes=\"auto, (max-width: 300px) 100vw, 300px\" \/>                                  <div class=\"overlay fill\"\n                      style=\"background-color: rgba(0,0,0,.15)\">\n                  <\/div>\n                                                              <\/div>\n              <div class=\"box-text text-left\" >\n                 <p><\/p>\n              <\/div>\n            <\/div>\n            <\/a>          <\/div>\n         <\/div><div class=\"gallery-col col\" >\n          <div class=\"col-inner\">\n            <a class=\"image-lightbox lightbox-gallery\" href=\"https:\/\/www.airedefamille.nc\/wp-content\/uploads\/2020\/06\/aire-de-famille-gite-bourail-12-1024x768.jpg\" title=\"\">            <div class=\"box has-hover gallery-box box-overlay dark\">\n              <div class=\"box-image box-shadow-1-hover\" >\n                <img loading=\"lazy\" decoding=\"async\" width=\"300\" height=\"225\" src=\"https:\/\/www.airedefamille.nc\/wp-content\/uploads\/2020\/06\/aire-de-famille-gite-bourail-12-300x225.jpg\" class=\"attachment-medium size-medium\" alt=\"\" ids=\"306,307,308,309,310,311,312,313,314,315,316,317,318,319,320,321\" depth_hover=\"1\" srcset=\"https:\/\/www.airedefamille.nc\/wp-content\/uploads\/2020\/06\/aire-de-famille-gite-bourail-12-300x225.jpg 300w, https:\/\/www.airedefamille.nc\/wp-content\/uploads\/2020\/06\/aire-de-famille-gite-bourail-12-1024x768.jpg 1024w, https:\/\/www.airedefamille.nc\/wp-content\/uploads\/2020\/06\/aire-de-famille-gite-bourail-12-768x576.jpg 768w, https:\/\/www.airedefamille.nc\/wp-content\/uploads\/2020\/06\/aire-de-famille-gite-bourail-12-1536x1152.jpg 1536w, https:\/\/www.airedefamille.nc\/wp-content\/uploads\/2020\/06\/aire-de-famille-gite-bourail-12.jpg 1840w\" sizes=\"auto, (max-width: 300px) 100vw, 300px\" \/>                                  <div class=\"overlay fill\"\n                      style=\"background-color: rgba(0,0,0,.15)\">\n                  <\/div>\n                                                              <\/div>\n              <div class=\"box-text text-left\" >\n                 <p><\/p>\n              <\/div>\n            <\/div>\n            <\/a>          <\/div>\n         <\/div><div class=\"gallery-col col\" >\n          <div class=\"col-inner\">\n            <a class=\"image-lightbox lightbox-gallery\" href=\"https:\/\/www.airedefamille.nc\/wp-content\/uploads\/2020\/06\/aire-de-famille-gite-bourail-11-1024x768.jpg\" title=\"\">            <div class=\"box has-hover gallery-box box-overlay dark\">\n              <div class=\"box-image box-shadow-1-hover\" >\n                <img loading=\"lazy\" decoding=\"async\" width=\"300\" height=\"225\" src=\"https:\/\/www.airedefamille.nc\/wp-content\/uploads\/2020\/06\/aire-de-famille-gite-bourail-11-300x225.jpg\" class=\"attachment-medium size-medium\" alt=\"\" ids=\"306,307,308,309,310,311,312,313,314,315,316,317,318,319,320,321\" depth_hover=\"1\" srcset=\"https:\/\/www.airedefamille.nc\/wp-content\/uploads\/2020\/06\/aire-de-famille-gite-bourail-11-300x225.jpg 300w, https:\/\/www.airedefamille.nc\/wp-content\/uploads\/2020\/06\/aire-de-famille-gite-bourail-11-1024x768.jpg 1024w, https:\/\/www.airedefamille.nc\/wp-content\/uploads\/2020\/06\/aire-de-famille-gite-bourail-11-768x576.jpg 768w, https:\/\/www.airedefamille.nc\/wp-content\/uploads\/2020\/06\/aire-de-famille-gite-bourail-11-1536x1152.jpg 1536w, https:\/\/www.airedefamille.nc\/wp-content\/uploads\/2020\/06\/aire-de-famille-gite-bourail-11.jpg 1840w\" sizes=\"auto, (max-width: 300px) 100vw, 300px\" \/>                                  <div class=\"overlay fill\"\n                      style=\"background-color: rgba(0,0,0,.15)\">\n                  <\/div>\n                                                              <\/div>\n              <div class=\"box-text text-left\" >\n                 <p><\/p>\n              <\/div>\n            <\/div>\n            <\/a>          <\/div>\n         <\/div><\/div>\n<h2 class=\"\" style=\"text-align: center;\"><span style=\"font-size: 250%;\">Le label \u00ab\u00a0Cl\u00e9 Verte\u00a0\u00bb<\/span><\/h2>\n<p style=\"text-align: center;\"><span style=\"color: #282828;\">L&rsquo;Aire de famille\u00a0 a re\u00e7u le label Cl\u00e9 Verte qui saluent 3 engagements :\u00a0<\/span><\/p>\n<div class=\"row\"  id=\"row-1168360305\">\n\n\t<div id=\"col-1622629642\" class=\"col medium-4 small-12 large-4\"  >\n\t\t\t\t<div class=\"col-inner\"  >\n\t\t\t\n\t\t\t\n\t<div class=\"box has-hover   has-hover box-text-bottom\" >\n\n\t\t<div class=\"box-image\" style=\"width:57%;\">\n\t\t\t\t\t\t<div class=\"\" >\n\t\t\t\t<img loading=\"lazy\" decoding=\"async\" width=\"500\" height=\"500\" src=\"https:\/\/www.airedefamille.nc\/wp-content\/uploads\/2022\/10\/Sans-titre.png\" class=\"attachment- size-\" alt=\"\" srcset=\"https:\/\/www.airedefamille.nc\/wp-content\/uploads\/2022\/10\/Sans-titre.png 500w, https:\/\/www.airedefamille.nc\/wp-content\/uploads\/2022\/10\/Sans-titre-300x300.png 300w, https:\/\/www.airedefamille.nc\/wp-content\/uploads\/2022\/10\/Sans-titre-150x150.png 150w\" sizes=\"auto, (max-width: 500px) 100vw, 500px\" \/>\t\t\t\t\t\t\t\t\t\t\t<\/div>\n\t\t\t\t\t<\/div>\n\n\t\t<div class=\"box-text text-center\" >\n\t\t\t<div class=\"box-text-inner\">\n\t\t\t\t\n<p><span style=\"color: #e3981f;\">LE RESPECT DU TERRITOIRE<\/span><br \/>Les crit\u00e8res du label Clef Verte imposent le respect de la nature et des personnes notamment par la ma\u00eetrise des consommations en eau et en \u00e9nergie, par une gestion environnementale des d\u00e9chets, par des loisirs qui ne nuisent pas \u00e0 la nature et par une valorisation des acteurs et des atouts naturels du territoire.<\/p>\n\t\t\t<\/div>\n\t\t<\/div>\n\t<\/div>\n\t\n\t\t<\/div>\n\t\t\t\t\t<\/div>\n\n\t\n\n\t<div id=\"col-863656801\" class=\"col medium-4 small-12 large-4\"  >\n\t\t\t\t<div class=\"col-inner\"  >\n\t\t\t\n\t\t\t\n\t<div class=\"box has-hover   has-hover box-text-bottom\" >\n\n\t\t<div class=\"box-image\" style=\"width:57%;\">\n\t\t\t\t\t\t<div class=\"\" >\n\t\t\t\t<img loading=\"lazy\" decoding=\"async\" width=\"500\" height=\"500\" src=\"https:\/\/www.airedefamille.nc\/wp-content\/uploads\/2022\/10\/Sans-titre-1.png\" class=\"attachment- size-\" alt=\"\" srcset=\"https:\/\/www.airedefamille.nc\/wp-content\/uploads\/2022\/10\/Sans-titre-1.png 500w, https:\/\/www.airedefamille.nc\/wp-content\/uploads\/2022\/10\/Sans-titre-1-300x300.png 300w, https:\/\/www.airedefamille.nc\/wp-content\/uploads\/2022\/10\/Sans-titre-1-150x150.png 150w\" sizes=\"auto, (max-width: 500px) 100vw, 500px\" \/>\t\t\t\t\t\t\t\t\t\t\t<\/div>\n\t\t\t\t\t<\/div>\n\n\t\t<div class=\"box-text text-center\" >\n\t\t\t<div class=\"box-text-inner\">\n\t\t\t\t\n<p><span style=\"color: #e3981f;\"><strong>LE PLAISIR DE VIVRE UN TOURISME DURABLE<\/strong><\/span><br \/>Choisir un \u00e9tablissement Clef Verte n&rsquo;implique pas de renoncer au plaisir ou au confort, bien au contraire ! Ils offrent un cadre de vie plus sain et plus naturel, sensibilisent les vacanciers et invitent ceux qui le souhaitent \u00e0 s&rsquo;investir \u00e0 leur \u00e9chelle pour des vacances plus \u00e9cologiques et des voyages plus responsables.e.<\/p>\n\t\t\t<\/div>\n\t\t<\/div>\n\t<\/div>\n\t\n\t\t<\/div>\n\t\t\t\t\t<\/div>\n\n\t\n\n\t<div id=\"col-1110699374\" class=\"col medium-4 small-12 large-4\"  >\n\t\t\t\t<div class=\"col-inner\"  >\n\t\t\t\n\t\t\t\n\t<div class=\"box has-hover   has-hover box-text-bottom\" >\n\n\t\t<div class=\"box-image\" style=\"width:57%;\">\n\t\t\t\t\t\t<div class=\"\" >\n\t\t\t\t<img loading=\"lazy\" decoding=\"async\" width=\"500\" height=\"500\" src=\"https:\/\/www.airedefamille.nc\/wp-content\/uploads\/2022\/10\/Sans-titre-2.png\" class=\"attachment- size-\" alt=\"\" srcset=\"https:\/\/www.airedefamille.nc\/wp-content\/uploads\/2022\/10\/Sans-titre-2.png 500w, https:\/\/www.airedefamille.nc\/wp-content\/uploads\/2022\/10\/Sans-titre-2-300x300.png 300w, https:\/\/www.airedefamille.nc\/wp-content\/uploads\/2022\/10\/Sans-titre-2-150x150.png 150w\" sizes=\"auto, (max-width: 500px) 100vw, 500px\" \/>\t\t\t\t\t\t\t\t\t\t\t<\/div>\n\t\t\t\t\t<\/div>\n\n\t\t<div class=\"box-text text-center\" >\n\t\t\t<div class=\"box-text-inner\">\n\t\t\t\t\n<p><span style=\"color: #e3981f;\">AU M\u00caME PRIX<\/span><br \/>Le label Clef Verte n&rsquo;implique pas des tarifs plus \u00e9lev\u00e9s ! Il s&rsquo;adresse \u00e0 toutes les cat\u00e9gories et tous les types de restaurant et d&rsquo;h\u00e9bergement : camping ou g\u00eete nature, h\u00f4tel \u00e9cologique, auberge de jeunesse ou chambre d&rsquo;h\u00f4te responsable, r\u00e9sidence de tourisme ou village de vacances durable.<\/p>\n\t\t\t<\/div>\n\t\t<\/div>\n\t<\/div>\n\t\n\t\t<\/div>\n\t\t\t\t\t<\/div>\n\n\t\n<\/div>\n\t\t<\/div>\n\t\t\t\t\t<\/div>\n\n\t\n<\/div>\n\t\t<\/div>\n\n\t\t\n<style>\n#section_438764433 {\n  padding-top: 50px;\n  padding-bottom: 50px;\n  background-color: rgb(255, 255, 255);\n}\n<\/style>\n\t<\/section>\n\t\n\n\t<section class=\"section section-separator-rev dark\" id=\"section_779162798\">\n\t\t<div class=\"section-bg fill\" >\n\t\t\t\t\t\t\t\t\t\n\t\t\t\n\n\t\t<\/div>\n\n\t\t\n\n\t\t<div class=\"section-content relative\">\n\t\t\t\n<h2 class=\"\" style=\"text-align: center; padding-top: 20px;\"><span style=\"font-size: 250%; color: #ffffff;\">Notre actualit\u00e9<\/span><\/h2>\n<div class=\"row\"  id=\"row-1571998205\">\n\n\t<div id=\"col-702559869\" class=\"col medium-3 small-12 large-3\"  >\n\t\t\t\t<div class=\"col-inner\"  >\n\t\t\t\n\t\t\t\n\t<div class=\"img has-hover x md-x lg-x y md-y lg-y\" id=\"image_32942355\">\n\t\t\t\t\t\t\t\t<div class=\"img-inner dark\" >\n\t\t\t<img loading=\"lazy\" decoding=\"async\" width=\"729\" height=\"1024\" src=\"https:\/\/www.airedefamille.nc\/wp-content\/uploads\/2023\/06\/Capture-decran-2023-06-26-a-13.26.55-729x1024.png\" class=\"attachment-large size-large\" alt=\"\" srcset=\"https:\/\/www.airedefamille.nc\/wp-content\/uploads\/2023\/06\/Capture-decran-2023-06-26-a-13.26.55-729x1024.png 729w, https:\/\/www.airedefamille.nc\/wp-content\/uploads\/2023\/06\/Capture-decran-2023-06-26-a-13.26.55-214x300.png 214w, https:\/\/www.airedefamille.nc\/wp-content\/uploads\/2023\/06\/Capture-decran-2023-06-26-a-13.26.55-768x1079.png 768w, https:\/\/www.airedefamille.nc\/wp-content\/uploads\/2023\/06\/Capture-decran-2023-06-26-a-13.26.55-1094x1536.png 1094w, https:\/\/www.airedefamille.nc\/wp-content\/uploads\/2023\/06\/Capture-decran-2023-06-26-a-13.26.55.png 1132w\" sizes=\"auto, (max-width: 729px) 100vw, 729px\" \/>\t\t\t\t\t\t\n\t\t\t\t\t<\/div>\n\t\t\t\t\t\t\t\t\n<style>\n#image_32942355 {\n  width: 100%;\n}\n<\/style>\n\t<\/div>\n\t\n\t\t<\/div>\n\t\t\t\t\t<\/div>\n\n\t\n\n\t<div id=\"col-592638725\" class=\"col medium-9 small-12 large-9\"  >\n\t\t\t\t<div class=\"col-inner\"  >\n\t\t\t\n\t\t\t\n<h4 style=\"font-size: 200%;\">Soir\u00e9e raclette !<\/h4>\n<p>Vous les adorez, elles sont de retour ! Nos soir\u00e9es raclettes reviennent avec la saison fra\u00eeche. Envie de vous faire plaisir, en famille ou entre amis, profitez de cette offre exclusive !<\/p>\n<p>Info et r\u00e9servation au 739 383\u00a0 !<\/p>\n\t\t<\/div>\n\t\t\t\t\t<\/div>\n\n\t\n<\/div>\n<div class=\"row\"  id=\"row-638243421\">\n\n\t<div id=\"col-947436368\" class=\"col medium-9 small-12 large-9\"  >\n\t\t\t\t<div class=\"col-inner\"  >\n\t\t\t\n\t\t\t\n<h4 style=\"font-size: 200%;\">Offre Bulle Bien-\u00catre<\/h4>\n<p>L&rsquo;aire de famille te propose de profiter d&rsquo;une bulle bien \u00eatre.<\/p>\n<p>Massages tha\u00eflandais \u00e0 d\u00e9couvrir sur place !<\/p>\n<p>Contact : Am\u00e9lie \u00a0\u00a0 87 05 37<\/p>\n<div class=\"row\"  id=\"row-2138401518\">\n\n\t<div id=\"col-260127271\" class=\"col medium-1 small-12 large-1\"  >\n\t\t\t\t<div class=\"col-inner\"  >\n\t\t\t\n\t\t\t\n\t\t<\/div>\n\t\t\t\t\t<\/div>\n\n\t\n\n\t<div id=\"col-1247853918\" class=\"col medium-10 small-12 large-10\"  >\n\t\t\t\t<div class=\"col-inner text-center\"  >\n\t\t\t\n\t\t\t\n<a href=\"https:\/\/www.airedefamille.nc\/wp-content\/uploads\/2020\/08\/THAI\u0308-MASSAGE.pdf\" target=\"_blank\" class=\"button white is-small\" rel=\"noopener\"  style=\"border-radius:10px;\">\n\t\t<span>T\u00e9l\u00e9charger l'offre<\/span>\n\t<\/a>\n\n\t\t<\/div>\n\t\t\t\t\t<\/div>\n\n\t\n\n\t<div id=\"col-1652844596\" class=\"col medium-1 small-12 large-1\"  >\n\t\t\t\t<div class=\"col-inner\"  >\n\t\t\t\n\t\t\t\n\t\t<\/div>\n\t\t\t\t\t<\/div>\n\n\t\n<\/div>\n\t\t<\/div>\n\t\t\t\t\t<\/div>\n\n\t\n\n\t<div id=\"col-915512922\" class=\"col medium-3 small-12 large-3\"  >\n\t\t\t\t<div class=\"col-inner\"  >\n\t\t\t\n\t\t\t\n\t<div class=\"img has-hover x md-x lg-x y md-y lg-y\" id=\"image_743777193\">\n\t\t\t\t\t\t\t\t<div class=\"img-inner dark\" >\n\t\t\t<img loading=\"lazy\" decoding=\"async\" width=\"1020\" height=\"681\" src=\"https:\/\/www.airedefamille.nc\/wp-content\/uploads\/2022\/10\/bulle-bien-etre-1024x684.jpg\" class=\"attachment-large size-large\" alt=\"\" srcset=\"https:\/\/www.airedefamille.nc\/wp-content\/uploads\/2022\/10\/bulle-bien-etre-1024x684.jpg 1024w, https:\/\/www.airedefamille.nc\/wp-content\/uploads\/2022\/10\/bulle-bien-etre-300x200.jpg 300w, https:\/\/www.airedefamille.nc\/wp-content\/uploads\/2022\/10\/bulle-bien-etre-768x513.jpg 768w, https:\/\/www.airedefamille.nc\/wp-content\/uploads\/2022\/10\/bulle-bien-etre-1536x1026.jpg 1536w, https:\/\/www.airedefamille.nc\/wp-content\/uploads\/2022\/10\/bulle-bien-etre-2048x1368.jpg 2048w\" sizes=\"auto, (max-width: 1020px) 100vw, 1020px\" \/>\t\t\t\t\t\t\n\t\t\t\t\t<\/div>\n\t\t\t\t\t\t\t\t\n<style>\n#image_743777193 {\n  width: 100%;\n}\n<\/style>\n\t<\/div>\n\t\n\t\t<\/div>\n\t\t\t\t\t<\/div>\n\n\t\n<\/div>\n\t\t<\/div>\n\n\t\t\n<style>\n#section_779162798 {\n  padding-top: 100px;\n  padding-bottom: 100px;\n  background-color: rgb(227, 152, 31);\n}\n<\/style>\n\t<\/section>\n\t\n\n\t<section class=\"section bg-footer has-mask mask-angled-large\" id=\"section_1068317258\">\n\t\t<div class=\"section-bg fill\" >\n\t\t\t\t\t\t\t\t\t\n\t\t\t\n\n\t\t<\/div>\n\n\t\t\n\n\t\t<div class=\"section-content relative\">\n\t\t\t\n<div class=\"row\"  id=\"row-52098329\">\n\n\t<div id=\"col-935045337\" class=\"col last-col-before-footer medium-12 small-12 large-12\"  >\n\t\t\t\t<div class=\"col-inner\"  >\n\t\t\t\n\t\t\t\n<div class=\"row\"  id=\"row-987040070\">\n\n\t<div id=\"col-388043109\" class=\"col medium-5 small-12 large-5\"  >\n\t\t\t\t<div class=\"col-inner\"  >\n\t\t\t\n\t\t\t\n<p><iframe loading=\"lazy\" width=\"425\" height=\"350\" frameborder=\"0\" scrolling=\"no\" marginheight=\"0\" marginwidth=\"0\" src=\"https:\/\/www.openstreetmap.org\/export\/embed.html?bbox=165.42293429374698%2C-21.61043505205903%2C165.4398000240326%2C-21.602325393635372&amp;layer=mapnik&amp;marker=-21.606385267163322%2C165.43136715888977\" style=\"border: 1px solid black\"><\/iframe><\/p>\n\t\t<\/div>\n\t\t\t\t\t<\/div>\n\n\t\n\n\t<div id=\"col-934500558\" class=\"col medium-7 small-12 large-7\"  >\n\t\t\t\t<div class=\"col-inner\"  >\n\t\t\t\n\t\t\t\n<h2 class=\"\" style=\"text-align: left;\"><i class=\"fas fa-map-marker-alt\"><\/i><span style=\"font-size: 160%;\">Nous trouver<\/span><\/h2>\n<p>Passer le col de Gouaro, apr\u00e8s le dernier dos d\u2019\u00e2ne, continuez sur 30 m\u00e8tres,\u00a0 prendre le chemin de terre sur votre gauche au flamboyant. Continuer sur 1km environ jusqu\u2019au parking indiqu\u00e9 <strong>L\u2019Aire de famille<\/strong> sur votre droite. Merci de nous contacter en arrivant.<\/p>\n\t\t<\/div>\n\t\t\t\t\t<\/div>\n\n\t\n<\/div>\n\t<div id=\"gap-576152866\" class=\"gap-element clearfix hide-for-medium\" style=\"display:block; height:auto;\">\n\t\t\n<style>\n#gap-576152866 {\n  padding-top: 150px;\n}\n<\/style>\n\t<\/div>\n\t\n\t\t<\/div>\n\t\t\t\t\n<style>\n#col-935045337 > .col-inner {\n  padding: 0px 0px 0 0px;\n}\n<\/style>\n\t<\/div>\n\n\t\n\n<style>\n#row-52098329 > .col > .col-inner {\n  padding: 0px 0px 50px 0px;\n}\n<\/style>\n<\/div>\n\t\t<\/div>\n\n\t\t\n<style>\n#section_1068317258 {\n  padding-top: 100px;\n  padding-bottom: 100px;\n  background-color: rgb(255, 255, 255);\n}\n<\/style>\n\t<\/section>\n\t\n\n\t<section class=\"section dark\" id=\"section_748293158\">\n\t\t<div class=\"section-bg fill\" >\n\t\t\t\t\t\t\t\t\t\n\t\t\t\n\n\t\t<\/div>\n\n\t\t\n\n\t\t<div class=\"section-content relative\">\n\t\t\t\n<div class=\"row\"  id=\"row-1029794214\">\n\n\t<div id=\"col-1689932819\" class=\"col small-12 large-12\"  >\n\t\t\t\t<div class=\"col-inner text-left\"  >\n\t\t\t\n\t\t\t\n<h2 class=\"\" style=\"text-align: left;\"><span style=\"font-size: 160%;\">Nous contacter<\/span><\/h2>\n<p class=\"lead\">Vous d\u00e9sirez en savoir plus ou r\u00e9server ? Utilisez sans plus attendre notre formulaire de contact, ou appelez-nous au 73 93 83 !<\/p>\n<div class=\"frm_forms  with_frm_style frm_style_style-formidable\" id=\"frm_form_1_container\" >\n<form enctype=\"multipart\/form-data\" method=\"post\" class=\"frm-show-form \" id=\"form_contact-form\" >\n<div class=\"frm_form_fields \">\n<fieldset>\n<legend class=\"frm_screen_reader\">Contact Us<\/legend>\r\n\r\n<div class=\"frm_fields_container\">\n<input type=\"hidden\" name=\"frm_action\" value=\"create\" \/>\n<input type=\"hidden\" name=\"form_id\" value=\"1\" \/>\n<input type=\"hidden\" name=\"frm_hide_fields_1\" id=\"frm_hide_fields_1\" value=\"\" \/>\n<input type=\"hidden\" name=\"form_key\" value=\"contact-form\" \/>\n<input type=\"hidden\" name=\"item_meta[0]\" value=\"\" \/>\n<input type=\"hidden\" id=\"frm_submit_entry_1\" name=\"frm_submit_entry_1\" value=\"3b9c5bb2c7\" \/><input type=\"hidden\" name=\"_wp_http_referer\" value=\"\/index.php\/wp-json\/wp\/v2\/pages\/9\" \/><div id=\"frm_field_1_container\" class=\"frm_form_field form-field  frm_required_field frm_top_container frm_first frm_half\">\r\n    <label for=\"field_qh4icy\" id=\"field_qh4icy_label\" class=\"frm_primary_label\">Pr\u00e9nom \/ Nom\r\n        <span class=\"frm_required\">*<\/span>\r\n    <\/label>\r\n    <input type=\"text\" id=\"field_qh4icy\" name=\"item_meta[1]\" value=\"\"  data-reqmsg=\"Ce champ ne peut pas \u00eatre vide\" aria-required=\"true\" data-invmsg=\"Name est non valide\" aria-invalid=\"false\"  \/>\r\n    \r\n    \r\n<\/div>\n<div id=\"frm_field_3_container\" class=\"frm_form_field form-field  frm_required_field frm_top_container frm_full\">\r\n    <label for=\"field_29yf4d\" id=\"field_29yf4d_label\" class=\"frm_primary_label\">Email\r\n        <span class=\"frm_required\">*<\/span>\r\n    <\/label>\r\n    <input type=\"email\" id=\"field_29yf4d\" name=\"item_meta[3]\" value=\"\"  data-reqmsg=\"Ce champ ne peut pas \u00eatre vide\" aria-required=\"true\" data-invmsg=\"Please enter a valid email address\" aria-invalid=\"false\"  \/>\r\n    \r\n    \r\n<\/div>\n<div id=\"frm_field_4_container\" class=\"frm_form_field form-field  frm_top_container frm_full\">\r\n    <label for=\"field_e6lis6\" id=\"field_e6lis6_label\" class=\"frm_primary_label\">T\u00e9l\u00e9phone\r\n        <span class=\"frm_required\"><\/span>\r\n    <\/label>\r\n    <input type=\"text\" id=\"field_e6lis6\" name=\"item_meta[4]\" value=\"\"  data-invmsg=\"Subject est non valide\" aria-invalid=\"false\"  \/>\r\n    \r\n    \r\n<\/div>\n<div id=\"frm_field_5_container\" class=\"frm_form_field form-field  frm_required_field frm_top_container frm_full\">\r\n    <label for=\"field_9jv0r1\" id=\"field_9jv0r1_label\" class=\"frm_primary_label\">Message\r\n        <span class=\"frm_required\">*<\/span>\r\n    <\/label>\r\n    <textarea name=\"item_meta[5]\" id=\"field_9jv0r1\" rows=\"5\"  data-reqmsg=\"Ce champ ne peut pas \u00eatre vide\" aria-required=\"true\" data-invmsg=\"Message est non valide\" aria-invalid=\"false\"  ><\/textarea>\r\n    \r\n    \r\n<\/div>\n<div id=\"frm_field_6_container\" class=\"frm_form_field form-field  frm_none_container\">\r\n    <label for=\"g-recaptcha-response\" id=\"field_p6984_label\" class=\"frm_primary_label\">reCAPTCHA\r\n        <span class=\"frm_required\" aria-hidden=\"true\"><\/span>\r\n    <\/label>\r\n    <div  id=\"field_p6984\" class=\"frm-g-recaptcha\" data-sitekey=\"6LcDFv8bAAAAAGKD3zKv7w6PgbdjJmnaz7kr1wNI\" data-size=\"normal\" data-theme=\"light\"><\/div>\r\n    \r\n    \r\n<\/div>\n\t<input type=\"hidden\" name=\"item_key\" value=\"\" \/>\n\t\t\t<div id=\"frm_field_7_container\">\n\t\t\t<label for=\"field_bmay0\" >\n\t\t\t\tSi vous \u00eates un humain, ne remplissez pas ce champ.\t\t\t<\/label>\n\t\t\t<input  id=\"field_bmay0\" type=\"text\" class=\"frm_form_field form-field frm_verify\" name=\"item_meta[7]\" value=\"\"  \/>\n\t\t<\/div>\n\t\t<input name=\"frm_state\" type=\"hidden\" value=\"\/8ncbpQPB\/xh\/Eo3PMZH1d9iScwCAnhYIKmyVzjKdO0=\" \/><div class=\"frm_submit\">\r\n\r\n<button class=\"frm_button_submit\" type=\"submit\"  >Envoyer<\/button>\r\n\r\n<\/div><\/div>\n<\/fieldset>\n<\/div>\n\n<\/form>\n<\/div>\n\n<p style=\"text-align: center;\">Retrouvez-nous aussi sur les r\u00e9seaux sociaux !<\/p>\n<div class=\"social-icons follow-icons full-width text-center\" style=\"font-size:115%\"><a href=\"https:\/\/www.facebook.com\/airedefamilleNC\" target=\"_blank\" data-label=\"Facebook\" class=\"icon button circle is-outline facebook tooltip\" title=\"Nous suivre sur Facebook\" aria-label=\"Nous suivre sur Facebook\" rel=\"noopener nofollow\" ><i class=\"icon-facebook\" ><\/i><\/a><a href=\"tel:739383\" data-label=\"Phone\" target=\"_blank\" class=\"icon button circle is-outline phone tooltip\" title=\"Appelez-nous\" aria-label=\"Appelez-nous\" rel=\"nofollow noopener\" ><i class=\"icon-phone\" ><\/i><\/a><\/div>\n\t\t<\/div>\n\t\t\t\t\n<style>\n#col-1689932819 > .col-inner {\n  padding: 40px 0px 0px 0px;\n}\n<\/style>\n\t<\/div>\n\n\t\n<\/div>\n\t\t<\/div>\n\n\t\t\n<style>\n#section_748293158 {\n  padding-top: 30px;\n  padding-bottom: 30px;\n  background-color: rgb(227, 152, 31);\n}\n<\/style>\n\t<\/section>\n\t\n","protected":false},"excerpt":{"rendered":"","protected":false},"author":1,"featured_media":154,"parent":0,"menu_order":0,"comment_status":"closed","ping_status":"closed","template":"page-transparent-header-light.php","meta":{"_monsterinsights_skip_tracking":false,"_monsterinsights_sitenote_active":false,"_monsterinsights_sitenote_note":"","_monsterinsights_sitenote_category":0,"footnotes":""},"class_list":["post-9","page","type-page","status-publish","has-post-thumbnail","hentry"],"yoast_head":"<!-- This site is optimized with the Yoast SEO plugin v25.2 - https:\/\/yoast.com\/wordpress\/plugins\/seo\/ -->\n<title>L&#039;aire de famille - G\u00eete H\u00e9bergement original \u00e0 Bourail - Nouvelle-Cal\u00e9donie<\/title>\n<meta name=\"description\" content=\"Vous avez envie de passer un s\u00e9jour atypique ? D\u00e9couvrez L&#039;Aire de Famille et ses 6 h\u00e9bergements en cabadienne, d\u00f4me ou roulotte ! Notre site vous en dit plus !\" \/>\n<meta name=\"robots\" content=\"index, follow, max-snippet:-1, max-image-preview:large, max-video-preview:-1\" \/>\n<link rel=\"canonical\" href=\"https:\/\/www.airedefamille.nc\/\" \/>\n<meta property=\"og:locale\" content=\"fr_FR\" \/>\n<meta property=\"og:type\" content=\"article\" \/>\n<meta property=\"og:title\" content=\"L&#039;aire de famille - G\u00eete H\u00e9bergement original \u00e0 Bourail - Nouvelle-Cal\u00e9donie\" \/>\n<meta property=\"og:description\" content=\"Vous avez envie de passer un s\u00e9jour atypique ? D\u00e9couvrez L&#039;Aire de Famille et ses 6 h\u00e9bergements en cabadienne, d\u00f4me ou roulotte ! Notre site vous en dit plus !\" \/>\n<meta property=\"og:url\" content=\"https:\/\/www.airedefamille.nc\/\" \/>\n<meta property=\"article:modified_time\" content=\"2023-06-26T11:40:17+00:00\" \/>\n<meta property=\"og:image\" content=\"https:\/\/www.airedefamille.nc\/wp-content\/uploads\/2020\/06\/aire-de-famille.jpg\" \/>\n\t<meta property=\"og:image:width\" content=\"820\" \/>\n\t<meta property=\"og:image:height\" content=\"312\" \/>\n\t<meta property=\"og:image:type\" content=\"image\/jpeg\" \/>\n<meta name=\"twitter:card\" content=\"summary_large_image\" \/>\n<meta name=\"twitter:title\" content=\"L&#039;aire de famille - G\u00eete H\u00e9bergement original \u00e0 Bourail - Nouvelle-Cal\u00e9donie\" \/>\n<meta name=\"twitter:description\" content=\"Vous avez envie de passer un s\u00e9jour atypique ? D\u00e9couvrez L&#039;Aire de Famille et ses 6 h\u00e9bergements en cabadienne, d\u00f4me ou roulotte ! Notre site vous en dit plus !\" \/>\n<meta name=\"twitter:image\" content=\"https:\/\/www.airedefamille.nc\/wp-content\/uploads\/2020\/06\/aire-de-famille.jpg\" \/>\n<meta name=\"twitter:label1\" content=\"Dur\u00e9e de lecture estim\u00e9e\" \/>\n\t<meta name=\"twitter:data1\" content=\"8 minutes\" \/>\n<script type=\"application\/ld+json\" class=\"yoast-schema-graph\">{\"@context\":\"https:\/\/schema.org\",\"@graph\":[{\"@type\":\"WebPage\",\"@id\":\"https:\/\/www.airedefamille.nc\/\",\"url\":\"https:\/\/www.airedefamille.nc\/\",\"name\":\"L'aire de famille - G\u00eete H\u00e9bergement original \u00e0 Bourail - Nouvelle-Cal\u00e9donie\",\"isPartOf\":{\"@id\":\"https:\/\/www.airedefamille.nc\/#website\"},\"primaryImageOfPage\":{\"@id\":\"https:\/\/www.airedefamille.nc\/#primaryimage\"},\"image\":{\"@id\":\"https:\/\/www.airedefamille.nc\/#primaryimage\"},\"thumbnailUrl\":\"https:\/\/www.airedefamille.nc\/wp-content\/uploads\/2020\/06\/adf-featured-image.jpg\",\"datePublished\":\"2020-06-04T05:59:20+00:00\",\"dateModified\":\"2023-06-26T11:40:17+00:00\",\"description\":\"Vous avez envie de passer un s\u00e9jour atypique ? D\u00e9couvrez L'Aire de Famille et ses 6 h\u00e9bergements en cabadienne, d\u00f4me ou roulotte ! Notre site vous en dit plus !\",\"breadcrumb\":{\"@id\":\"https:\/\/www.airedefamille.nc\/#breadcrumb\"},\"inLanguage\":\"fr-FR\",\"potentialAction\":[{\"@type\":\"ReadAction\",\"target\":[\"https:\/\/www.airedefamille.nc\/\"]}]},{\"@type\":\"ImageObject\",\"inLanguage\":\"fr-FR\",\"@id\":\"https:\/\/www.airedefamille.nc\/#primaryimage\",\"url\":\"https:\/\/www.airedefamille.nc\/wp-content\/uploads\/2020\/06\/adf-featured-image.jpg\",\"contentUrl\":\"https:\/\/www.airedefamille.nc\/wp-content\/uploads\/2020\/06\/adf-featured-image.jpg\",\"width\":2000,\"height\":1305},{\"@type\":\"BreadcrumbList\",\"@id\":\"https:\/\/www.airedefamille.nc\/#breadcrumb\",\"itemListElement\":[{\"@type\":\"ListItem\",\"position\":1,\"name\":\"Accueil\",\"item\":\"https:\/\/www.airedefamille.nc\/\"},{\"@type\":\"ListItem\",\"position\":2,\"name\":\"Aire de Famille &#8211; Bourail &#8211; Nouvelle-Cal\u00e9donie\"}]},{\"@type\":\"WebSite\",\"@id\":\"https:\/\/www.airedefamille.nc\/#website\",\"url\":\"https:\/\/www.airedefamille.nc\/\",\"name\":\"\",\"description\":\"L&#039;aire de famille\",\"potentialAction\":[{\"@type\":\"SearchAction\",\"target\":{\"@type\":\"EntryPoint\",\"urlTemplate\":\"https:\/\/www.airedefamille.nc\/?s={search_term_string}\"},\"query-input\":{\"@type\":\"PropertyValueSpecification\",\"valueRequired\":true,\"valueName\":\"search_term_string\"}}],\"inLanguage\":\"fr-FR\"}]}<\/script>\n<!-- \/ Yoast SEO plugin. -->","yoast_head_json":{"title":"L'aire de famille - G\u00eete H\u00e9bergement original \u00e0 Bourail - Nouvelle-Cal\u00e9donie","description":"Vous avez envie de passer un s\u00e9jour atypique ? D\u00e9couvrez L'Aire de Famille et ses 6 h\u00e9bergements en cabadienne, d\u00f4me ou roulotte ! Notre site vous en dit plus !","robots":{"index":"index","follow":"follow","max-snippet":"max-snippet:-1","max-image-preview":"max-image-preview:large","max-video-preview":"max-video-preview:-1"},"canonical":"https:\/\/www.airedefamille.nc\/","og_locale":"fr_FR","og_type":"article","og_title":"L'aire de famille - G\u00eete H\u00e9bergement original \u00e0 Bourail - Nouvelle-Cal\u00e9donie","og_description":"Vous avez envie de passer un s\u00e9jour atypique ? D\u00e9couvrez L'Aire de Famille et ses 6 h\u00e9bergements en cabadienne, d\u00f4me ou roulotte ! Notre site vous en dit plus !","og_url":"https:\/\/www.airedefamille.nc\/","article_modified_time":"2023-06-26T11:40:17+00:00","og_image":[{"width":820,"height":312,"url":"https:\/\/www.airedefamille.nc\/wp-content\/uploads\/2020\/06\/aire-de-famille.jpg","type":"image\/jpeg"}],"twitter_card":"summary_large_image","twitter_title":"L'aire de famille - G\u00eete H\u00e9bergement original \u00e0 Bourail - Nouvelle-Cal\u00e9donie","twitter_description":"Vous avez envie de passer un s\u00e9jour atypique ? D\u00e9couvrez L'Aire de Famille et ses 6 h\u00e9bergements en cabadienne, d\u00f4me ou roulotte ! Notre site vous en dit plus !","twitter_image":"https:\/\/www.airedefamille.nc\/wp-content\/uploads\/2020\/06\/aire-de-famille.jpg","twitter_misc":{"Dur\u00e9e de lecture estim\u00e9e":"8 minutes"},"schema":{"@context":"https:\/\/schema.org","@graph":[{"@type":"WebPage","@id":"https:\/\/www.airedefamille.nc\/","url":"https:\/\/www.airedefamille.nc\/","name":"L'aire de famille - G\u00eete H\u00e9bergement original \u00e0 Bourail - Nouvelle-Cal\u00e9donie","isPartOf":{"@id":"https:\/\/www.airedefamille.nc\/#website"},"primaryImageOfPage":{"@id":"https:\/\/www.airedefamille.nc\/#primaryimage"},"image":{"@id":"https:\/\/www.airedefamille.nc\/#primaryimage"},"thumbnailUrl":"https:\/\/www.airedefamille.nc\/wp-content\/uploads\/2020\/06\/adf-featured-image.jpg","datePublished":"2020-06-04T05:59:20+00:00","dateModified":"2023-06-26T11:40:17+00:00","description":"Vous avez envie de passer un s\u00e9jour atypique ? D\u00e9couvrez L'Aire de Famille et ses 6 h\u00e9bergements en cabadienne, d\u00f4me ou roulotte ! Notre site vous en dit plus !","breadcrumb":{"@id":"https:\/\/www.airedefamille.nc\/#breadcrumb"},"inLanguage":"fr-FR","potentialAction":[{"@type":"ReadAction","target":["https:\/\/www.airedefamille.nc\/"]}]},{"@type":"ImageObject","inLanguage":"fr-FR","@id":"https:\/\/www.airedefamille.nc\/#primaryimage","url":"https:\/\/www.airedefamille.nc\/wp-content\/uploads\/2020\/06\/adf-featured-image.jpg","contentUrl":"https:\/\/www.airedefamille.nc\/wp-content\/uploads\/2020\/06\/adf-featured-image.jpg","width":2000,"height":1305},{"@type":"BreadcrumbList","@id":"https:\/\/www.airedefamille.nc\/#breadcrumb","itemListElement":[{"@type":"ListItem","position":1,"name":"Accueil","item":"https:\/\/www.airedefamille.nc\/"},{"@type":"ListItem","position":2,"name":"Aire de Famille &#8211; Bourail &#8211; Nouvelle-Cal\u00e9donie"}]},{"@type":"WebSite","@id":"https:\/\/www.airedefamille.nc\/#website","url":"https:\/\/www.airedefamille.nc\/","name":"","description":"L&#039;aire de famille","potentialAction":[{"@type":"SearchAction","target":{"@type":"EntryPoint","urlTemplate":"https:\/\/www.airedefamille.nc\/?s={search_term_string}"},"query-input":{"@type":"PropertyValueSpecification","valueRequired":true,"valueName":"search_term_string"}}],"inLanguage":"fr-FR"}]}},"_links":{"self":[{"href":"https:\/\/www.airedefamille.nc\/index.php\/wp-json\/wp\/v2\/pages\/9","targetHints":{"allow":["GET"]}}],"collection":[{"href":"https:\/\/www.airedefamille.nc\/index.php\/wp-json\/wp\/v2\/pages"}],"about":[{"href":"https:\/\/www.airedefamille.nc\/index.php\/wp-json\/wp\/v2\/types\/page"}],"author":[{"embeddable":true,"href":"https:\/\/www.airedefamille.nc\/index.php\/wp-json\/wp\/v2\/users\/1"}],"replies":[{"embeddable":true,"href":"https:\/\/www.airedefamille.nc\/index.php\/wp-json\/wp\/v2\/comments?post=9"}],"version-history":[{"count":207,"href":"https:\/\/www.airedefamille.nc\/index.php\/wp-json\/wp\/v2\/pages\/9\/revisions"}],"predecessor-version":[{"id":411,"href":"https:\/\/www.airedefamille.nc\/index.php\/wp-json\/wp\/v2\/pages\/9\/revisions\/411"}],"wp:featuredmedia":[{"embeddable":true,"href":"https:\/\/www.airedefamille.nc\/index.php\/wp-json\/wp\/v2\/media\/154"}],"wp:attachment":[{"href":"https:\/\/www.airedefamille.nc\/index.php\/wp-json\/wp\/v2\/media?parent=9"}],"curies":[{"name":"wp","href":"https:\/\/api.w.org\/{rel}","templated":true}]}}